{"id":1435,"date":"2022-07-08T16:40:06","date_gmt":"2022-07-08T14:40:06","guid":{"rendered":"https:\/\/www.aspronis.com\/collabora\/collaboracio-per-particulars\/"},"modified":"2022-10-19T10:17:36","modified_gmt":"2022-10-19T08:17:36","slug":"colaboracion-para-particulares","status":"publish","type":"page","link":"https:\/\/www.aspronis.com\/es\/colabora\/colaboracion-para-particulares\/","title":{"rendered":"Colaboraci\u00f3n para particulares"},"content":{"rendered":"<div class=\"wpb-content-wrapper\"><p>[vc_row css_animation=\u00bb\u00bb row_type=\u00bbrow\u00bb use_row_as_full_screen_section=\u00bbno\u00bb type=\u00bbgrid\u00bb angled_section=\u00bbno\u00bb text_align=\u00bbleft\u00bb background_image_as_pattern=\u00bbwithout_pattern\u00bb z_index=\u00bb\u00bb][vc_column][vc_column_text el_class=\u00bbsection_title small sep_small\u00bb]<\/p>\n<h2>\u00bfQuieres colaborar con Aspronis?<\/h2>\n<p>[\/vc_column_text][vc_column_text]En la Fundaci\u00f3n ASPRONIS atendemos a m\u00e1s de 700 personas con discapacidad intelectual o en riesgo de exclusi\u00f3n y sus familias. <strong>Colabora en hacer realidad proyectos<\/strong> que mejoran la <strong>calidad de vida<\/strong> de las personas y favorece la inserci\u00f3n social y el trabajo para estos colectivos.[\/vc_column_text][vc_separator type=\u00bbtransparent\u00bb up=\u00bb30&#8243;][vc_separator type=\u00bbtransparent\u00bb up=\u00bb20&#8243;][vc_row_inner row_type=\u00bbrow\u00bb type=\u00bbfull_width\u00bb text_align=\u00bbleft\u00bb css_animation=\u00bb\u00bb][vc_column_inner el_class=\u00bbcolabora_item clickable_box\u00bb width=\u00bb1\/3&#8243;][vc_single_image image=\u00bb1321&#8243; img_size=\u00bbfull\u00bb alignment=\u00bbcenter\u00bb onclick=\u00bbcustom_link\u00bb qode_css_animation=\u00bb\u00bb qode_hover_animation=\u00bbzoom_in\u00bb][vc_column_text]<a href=\"https:\/\/www.aspronis.com\/es\/colabora\/colaboracion-para-particulares\/hazte-amigo\/\">HAZTE AMIGO<\/a>[\/vc_column_text][\/vc_column_inner][vc_column_inner el_class=\u00bbcolabora_item clickable_box\u00bb width=\u00bb1\/3&#8243;][vc_single_image image=\u00bb1326&#8243; img_size=\u00bbfull\u00bb alignment=\u00bbcenter\u00bb onclick=\u00bbcustom_link\u00bb qode_css_animation=\u00bb\u00bb qode_hover_animation=\u00bbzoom_in\u00bb][vc_column_text]<a href=\"https:\/\/www.aspronis.com\/es\/colabora\/colaboracion-para-particulares\/donativos\/\">HAZ UN DONATIVO<\/a>[\/vc_column_text][\/vc_column_inner][vc_column_inner el_class=\u00bbcolabora_item clickable_box\u00bb width=\u00bb1\/3&#8243;][vc_single_image image=\u00bb1317&#8243; img_size=\u00bbfull\u00bb alignment=\u00bbcenter\u00bb onclick=\u00bbcustom_link\u00bb qode_css_animation=\u00bb\u00bb qode_hover_animation=\u00bbzoom_in\u00bb][vc_column_text]<a href=\"https:\/\/www.aspronis.com\/es\/colabora\/colaboracion-para-particulares\/voluntariado\/\">HAZTE VOLUNTARIO<\/a>[\/vc_column_text][\/vc_column_inner][\/vc_row_inner][vc_row_inner row_type=\u00bbrow\u00bb type=\u00bbfull_width\u00bb text_align=\u00bbleft\u00bb css_animation=\u00bb\u00bb][vc_column_inner el_class=\u00bbcolabora_item clickable_box\u00bb width=\u00bb1\/3&#8243;][vc_single_image image=\u00bb1336&#8243; img_size=\u00bbfull\u00bb alignment=\u00bbcenter\u00bb onclick=\u00bbcustom_link\u00bb qode_css_animation=\u00bb\u00bb qode_hover_animation=\u00bbzoom_in\u00bb][vc_column_text]<a href=\"https:\/\/www.aspronis.com\/es\/colabora\/colaboracion-para-particulares\/propuestas-solidarias\/?preview=true\">PROPUESTAS SOLIDARIAS<\/a>[\/vc_column_text][\/vc_column_inner][vc_column_inner el_class=\u00bbcolabora_item clickable_box\u00bb width=\u00bb1\/3&#8243;][vc_single_image image=\u00bb1319&#8243; img_size=\u00bbfull\u00bb alignment=\u00bbcenter\u00bb onclick=\u00bbcustom_link\u00bb qode_css_animation=\u00bb\u00bb qode_hover_animation=\u00bbzoom_in\u00bb][vc_column_text]<a href=\"https:\/\/www.aspronis.com\/es\/colabora\/colaboracion-para-particulares\/herencias-y-legados\/\">HERENCIAS Y LEGADOS<\/a>[\/vc_column_text][\/vc_column_inner][vc_column_inner el_class=\u00bbcolabora_item clickable_box\u00bb width=\u00bb1\/3&#8243;][\/vc_column_inner][\/vc_row_inner][\/vc_column][\/vc_row][vc_row css_animation=\u00bb\u00bb row_type=\u00bbrow\u00bb use_row_as_full_screen_section=\u00bbno\u00bb type=\u00bbfull_width\u00bb angled_section=\u00bbno\u00bb text_align=\u00bbleft\u00bb background_image_as_pattern=\u00bbwithout_pattern\u00bb el_class=\u00bbnewsletter_section_wrapper\u00bb z_index=\u00bb\u00bb][vc_column][vc_widget_sidebar sidebar_id=\u00bbnewsletter\u00bb][\/vc_column][\/vc_row]<\/p>\n<\/div>","protected":false},"excerpt":{"rendered":"<p>[vc_row css_animation=\u00bb\u00bb row_type=\u00bbrow\u00bb use_row_as_full_screen_section=\u00bbno\u00bb type=\u00bbgrid\u00bb angled_section=\u00bbno\u00bb text_align=\u00bbleft\u00bb background_image_as_pattern=\u00bbwithout_pattern\u00bb z_index=\u00bb\u00bb][vc_column][vc_column_text el_class=\u00bbsection_title small sep_small\u00bb] \u00bfQuieres colaborar con Aspronis? [\/vc_column_text][vc_column_text]En la Fundaci\u00f3n ASPRONIS atendemos a m\u00e1s de 700 personas con discapacidad intelectual o en riesgo de exclusi\u00f3n y sus familias. Colabora en hacer realidad proyectos que mejoran la&#8230;<\/p>\n","protected":false},"author":1,"featured_media":0,"parent":1434,"menu_order":0,"comment_status":"closed","ping_status":"closed","template":"full_width.php","meta":{"footnotes":""},"class_list":["post-1435","page","type-page","status-publish","hentry"],"yoast_head":"<!-- This site is optimized with the Yoast SEO plugin v26.8 - https:\/\/yoast.com\/product\/yoast-seo-wordpress\/ -->\n<title>Colaboraci\u00f3n para particulares - Aspronis<\/title>\n<meta name=\"robots\" content=\"index, follow, max-snippet:-1, max-image-preview:large, max-video-preview:-1\" \/>\n<link rel=\"canonical\" href=\"https:\/\/www.aspronis.com\/es\/colabora\/colaboracion-para-particulares\/\" \/>\n<meta property=\"og:locale\" content=\"es_ES\" \/>\n<meta property=\"og:type\" content=\"article\" \/>\n<meta property=\"og:title\" content=\"Colaboraci\u00f3n para particulares - Aspronis\" \/>\n<meta property=\"og:description\" content=\"[vc_row css_animation=\u00bb\u00bb row_type=\u00bbrow\u00bb use_row_as_full_screen_section=\u00bbno\u00bb type=\u00bbgrid\u00bb angled_section=\u00bbno\u00bb text_align=\u00bbleft\u00bb background_image_as_pattern=\u00bbwithout_pattern\u00bb z_index=\u00bb\u00bb][vc_column][vc_column_text el_class=\u00bbsection_title small sep_small\u00bb] \u00bfQuieres colaborar con Aspronis? [\/vc_column_text][vc_column_text]En la Fundaci\u00f3n ASPRONIS atendemos a m\u00e1s de 700 personas con discapacidad intelectual o en riesgo de exclusi\u00f3n y sus familias. Colabora en hacer realidad proyectos que mejoran la...\" \/>\n<meta property=\"og:url\" content=\"https:\/\/www.aspronis.com\/es\/colabora\/colaboracion-para-particulares\/\" \/>\n<meta property=\"og:site_name\" content=\"Aspronis\" \/>\n<meta property=\"article:modified_time\" content=\"2022-10-19T08:17:36+00:00\" \/>\n<meta name=\"twitter:card\" content=\"summary_large_image\" \/>\n<meta name=\"twitter:label1\" content=\"Tiempo de lectura\" \/>\n\t<meta name=\"twitter:data1\" content=\"1 minuto\" \/>\n<script type=\"application\/ld+json\" class=\"yoast-schema-graph\">{\"@context\":\"https:\/\/schema.org\",\"@graph\":[{\"@type\":\"WebPage\",\"@id\":\"https:\/\/www.aspronis.com\/es\/colabora\/colaboracion-para-particulares\/\",\"url\":\"https:\/\/www.aspronis.com\/es\/colabora\/colaboracion-para-particulares\/\",\"name\":\"Colaboraci\u00f3n para particulares - Aspronis\",\"isPartOf\":{\"@id\":\"https:\/\/www.aspronis.com\/es\/#website\"},\"datePublished\":\"2022-07-08T14:40:06+00:00\",\"dateModified\":\"2022-10-19T08:17:36+00:00\",\"breadcrumb\":{\"@id\":\"https:\/\/www.aspronis.com\/es\/colabora\/colaboracion-para-particulares\/#breadcrumb\"},\"inLanguage\":\"es\",\"potentialAction\":[{\"@type\":\"ReadAction\",\"target\":[\"https:\/\/www.aspronis.com\/es\/colabora\/colaboracion-para-particulares\/\"]}]},{\"@type\":\"BreadcrumbList\",\"@id\":\"https:\/\/www.aspronis.com\/es\/colabora\/colaboracion-para-particulares\/#breadcrumb\",\"itemListElement\":[{\"@type\":\"ListItem\",\"position\":1,\"name\":\"Colabora\",\"item\":\"https:\/\/www.aspronis.com\/es\/colabora\/\"},{\"@type\":\"ListItem\",\"position\":2,\"name\":\"Colaboraci\u00f3n para particulares\"}]},{\"@type\":\"WebSite\",\"@id\":\"https:\/\/www.aspronis.com\/es\/#website\",\"url\":\"https:\/\/www.aspronis.com\/es\/\",\"name\":\"Aspronis\",\"description\":\"\",\"potentialAction\":[{\"@type\":\"SearchAction\",\"target\":{\"@type\":\"EntryPoint\",\"urlTemplate\":\"https:\/\/www.aspronis.com\/es\/?s={search_term_string}\"},\"query-input\":{\"@type\":\"PropertyValueSpecification\",\"valueRequired\":true,\"valueName\":\"search_term_string\"}}],\"inLanguage\":\"es\"}]}<\/script>\n<!-- \/ Yoast SEO plugin. -->","yoast_head_json":{"title":"Colaboraci\u00f3n para particulares - Aspronis","robots":{"index":"index","follow":"follow","max-snippet":"max-snippet:-1","max-image-preview":"max-image-preview:large","max-video-preview":"max-video-preview:-1"},"canonical":"https:\/\/www.aspronis.com\/es\/colabora\/colaboracion-para-particulares\/","og_locale":"es_ES","og_type":"article","og_title":"Colaboraci\u00f3n para particulares - Aspronis","og_description":"[vc_row css_animation=\u00bb\u00bb row_type=\u00bbrow\u00bb use_row_as_full_screen_section=\u00bbno\u00bb type=\u00bbgrid\u00bb angled_section=\u00bbno\u00bb text_align=\u00bbleft\u00bb background_image_as_pattern=\u00bbwithout_pattern\u00bb z_index=\u00bb\u00bb][vc_column][vc_column_text el_class=\u00bbsection_title small sep_small\u00bb] \u00bfQuieres colaborar con Aspronis? [\/vc_column_text][vc_column_text]En la Fundaci\u00f3n ASPRONIS atendemos a m\u00e1s de 700 personas con discapacidad intelectual o en riesgo de exclusi\u00f3n y sus familias. Colabora en hacer realidad proyectos que mejoran la...","og_url":"https:\/\/www.aspronis.com\/es\/colabora\/colaboracion-para-particulares\/","og_site_name":"Aspronis","article_modified_time":"2022-10-19T08:17:36+00:00","twitter_card":"summary_large_image","twitter_misc":{"Tiempo de lectura":"1 minuto"},"schema":{"@context":"https:\/\/schema.org","@graph":[{"@type":"WebPage","@id":"https:\/\/www.aspronis.com\/es\/colabora\/colaboracion-para-particulares\/","url":"https:\/\/www.aspronis.com\/es\/colabora\/colaboracion-para-particulares\/","name":"Colaboraci\u00f3n para particulares - Aspronis","isPartOf":{"@id":"https:\/\/www.aspronis.com\/es\/#website"},"datePublished":"2022-07-08T14:40:06+00:00","dateModified":"2022-10-19T08:17:36+00:00","breadcrumb":{"@id":"https:\/\/www.aspronis.com\/es\/colabora\/colaboracion-para-particulares\/#breadcrumb"},"inLanguage":"es","potentialAction":[{"@type":"ReadAction","target":["https:\/\/www.aspronis.com\/es\/colabora\/colaboracion-para-particulares\/"]}]},{"@type":"BreadcrumbList","@id":"https:\/\/www.aspronis.com\/es\/colabora\/colaboracion-para-particulares\/#breadcrumb","itemListElement":[{"@type":"ListItem","position":1,"name":"Colabora","item":"https:\/\/www.aspronis.com\/es\/colabora\/"},{"@type":"ListItem","position":2,"name":"Colaboraci\u00f3n para particulares"}]},{"@type":"WebSite","@id":"https:\/\/www.aspronis.com\/es\/#website","url":"https:\/\/www.aspronis.com\/es\/","name":"Aspronis","description":"","potentialAction":[{"@type":"SearchAction","target":{"@type":"EntryPoint","urlTemplate":"https:\/\/www.aspronis.com\/es\/?s={search_term_string}"},"query-input":{"@type":"PropertyValueSpecification","valueRequired":true,"valueName":"search_term_string"}}],"inLanguage":"es"}]}},"_links":{"self":[{"href":"https:\/\/www.aspronis.com\/es\/wp-json\/wp\/v2\/pages\/1435","targetHints":{"allow":["GET"]}}],"collection":[{"href":"https:\/\/www.aspronis.com\/es\/wp-json\/wp\/v2\/pages"}],"about":[{"href":"https:\/\/www.aspronis.com\/es\/wp-json\/wp\/v2\/types\/page"}],"author":[{"embeddable":true,"href":"https:\/\/www.aspronis.com\/es\/wp-json\/wp\/v2\/users\/1"}],"replies":[{"embeddable":true,"href":"https:\/\/www.aspronis.com\/es\/wp-json\/wp\/v2\/comments?post=1435"}],"version-history":[{"count":2,"href":"https:\/\/www.aspronis.com\/es\/wp-json\/wp\/v2\/pages\/1435\/revisions"}],"predecessor-version":[{"id":1596,"href":"https:\/\/www.aspronis.com\/es\/wp-json\/wp\/v2\/pages\/1435\/revisions\/1596"}],"up":[{"embeddable":true,"href":"https:\/\/www.aspronis.com\/es\/wp-json\/wp\/v2\/pages\/1434"}],"wp:attachment":[{"href":"https:\/\/www.aspronis.com\/es\/wp-json\/wp\/v2\/media?parent=1435"}],"curies":[{"name":"wp","href":"https:\/\/api.w.org\/{rel}","templated":true}]}}