{"id":1451,"date":"2022-09-20T13:38:04","date_gmt":"2022-09-20T11:38:04","guid":{"rendered":"https:\/\/www.aspronis.com\/formacio-i-insercio\/orientacio-i-insercio\/"},"modified":"2024-04-16T12:48:34","modified_gmt":"2024-04-16T10:48:34","slug":"orientacion-e-insercion","status":"publish","type":"page","link":"https:\/\/www.aspronis.com\/es\/formacio-i-insercio\/orientacion-e-insercion\/","title":{"rendered":"Orientaci\u00f3n e inserci\u00f3n"},"content":{"rendered":"<div class=\"wpb-content-wrapper\"><p>[vc_row css_animation=\u00bb\u00bb row_type=\u00bbrow\u00bb use_row_as_full_screen_section=\u00bbno\u00bb type=\u00bbgrid\u00bb angled_section=\u00bbno\u00bb text_align=\u00bbleft\u00bb background_image_as_pattern=\u00bbwithout_pattern\u00bb z_index=\u00bb\u00bb][vc_column][vc_column_text el_class=\u00bbsection_title small sep_small\u00bb]<\/p>\n<h2>Orientaci\u00f3n e inserci\u00f3n<\/h2>\n<p>[\/vc_column_text][vc_row_inner row_type=\u00bbrow\u00bb type=\u00bbfull_width\u00bb text_align=\u00bbleft\u00bb css_animation=\u00bb\u00bb][vc_column_inner width=\u00bb1\/2&#8243;][vc_column_text]Trabajamos para la inserci\u00f3n laboral de <b>colectivos en situaci\u00f3n de vulnerabilidad<\/b> (en paro, sin formaci\u00f3n o experiencia laboral, personas con discapacidad, etc.) en empresas mediante el <b>Trabajo Con Apoyo<\/b>, una metodolog\u00eda que facilita los apoyos individualizados que la persona necesita para conseguir y mantener un puesto de trabajo en la empresa ordinaria. Para ello:<\/p>\n<ul>\n<li aria-level=\"1\">Orientemos sobre el mercado laboral.<\/li>\n<li aria-level=\"1\">Formamos en habilidades laborales y en competencias transversales.<\/li>\n<li aria-level=\"1\">Ayudamos a encontrar y mantener un trabajo en el mercado laboral abierto.<\/li>\n<li aria-level=\"1\">Hacemos mediaci\u00f3n para ajustar las necesidades de la persona y del empresario.<\/li>\n<li aria-level=\"1\">Valoramos a la persona y elaboramos un plan basado en sus capacidades, teniendo en cuenta los apoyos y adaptaciones que sea necesario para llevar a cabo una contribuci\u00f3n eficaz y de \u00e9xito al trabajo.<\/li>\n<li aria-level=\"1\">Facilitamos estos apoyos continuados e individualizados mediante un preparador\/a laboral que tambi\u00e9n fomenta al m\u00e1ximo los soportes naturales y que va retirando su presencia de forma paulatina.<\/li>\n<\/ul>\n<p>Hemos <b>insertado m\u00e1s de <\/b><b>250 personas<\/b><b> en empresas en los \u00faltimos a\u00f1os<\/b> y seguimos haciendo tarea de prospecci\u00f3n e inserci\u00f3n en el mercado laboral gracias a:[\/vc_column_text][\/vc_column_inner][vc_column_inner width=\u00bb1\/2&#8243;][vc_single_image image=\u00bb1146&#8243; img_size=\u00bbfull\u00bb qode_css_animation=\u00bb\u00bb][\/vc_column_inner][\/vc_row_inner][vc_separator type=\u00bbtransparent\u00bb up=\u00bb30&#8243;]<div class=\"qode-accordion-holder clearfix qode-toggle qode-initial \">\n\t<h4 class=\"clearfix qode-title-holder\">\n<span class=\"qode-tab-title\">\n\t    <span class=\"qode-tab-title-inner\">\n        Programa INCORPORA    <\/span>\n<\/span>\n<span class=\"qode-accordion-mark\">\n    <span class=\"qode-accordion-mark-icon\">\n        <span class=\"icon_plus\"><\/span>\n        <span class=\"icon_minus-06\"><\/span>\n    <\/span>\n<\/span>\n<\/h4>\n<div  class=\"qode-accordion-content \" >\n    <div class=\"qode-accordion-content-inner\">\n        [vc_column_text]Gracias al programa Incorpora de Fundaci\u00f3n \u201dla Caixa\u201d impulsamos la integraci\u00f3n sociolaboral de personas en riesgo de exclusi\u00f3n en empresas del territorio.<br \/>\nEn 2021 conseguimos un total de 40 inserciones.<\/p>\n<p>[\/vc_column_text]    <\/div>\n<\/div><h4 class=\"clearfix qode-title-holder\">\n<span class=\"qode-tab-title\">\n\t    <span class=\"qode-tab-title-inner\">\n        SIOAS    <\/span>\n<\/span>\n<span class=\"qode-accordion-mark\">\n    <span class=\"qode-accordion-mark-icon\">\n        <span class=\"icon_plus\"><\/span>\n        <span class=\"icon_minus-06\"><\/span>\n    <\/span>\n<\/span>\n<\/h4>\n<div  class=\"qode-accordion-content \" >\n    <div class=\"qode-accordion-content-inner\">\n        [vc_column_text]Con el apoyo de el Departamento de Trabajo de la Generalitat de Catalu\u00f1a se realizan los servicios integrales de orientaci\u00f3n, acompa\u00f1amiento y soporte a la inserci\u00f3n de las personas con discapacidad o trastornos de la salud mental.[\/vc_column_text]    <\/div>\n<\/div><h4 class=\"clearfix qode-title-holder\">\n<span class=\"qode-tab-title\">\n\t    <span class=\"qode-tab-title-inner\">\n        Linea ACOL    <\/span>\n<\/span>\n<span class=\"qode-accordion-mark\">\n    <span class=\"qode-accordion-mark-icon\">\n        <span class=\"icon_plus\"><\/span>\n        <span class=\"icon_minus-06\"><\/span>\n    <\/span>\n<\/span>\n<\/h4>\n<div  class=\"qode-accordion-content \" >\n    <div class=\"qode-accordion-content-inner\">\n        [vc_column_text]El Servicio P\u00fablico de Empleo de Catalu\u00f1a (SOC) subvenciona la l\u00ednea ACOL para la contrataci\u00f3n durante 12 meses de personas migradas en situaci\u00f3n administrativa irregular que cumplan los requisitos para obtener una autorizaci\u00f3n de residencia temporal por circunstancias excepcionales de arraigo social. Las entidades acompa\u00f1amos y guiamos a las personas durante el proceso para reforzar sus competencias y facilitar su adaptaci\u00f3n al puesto de trabajo.[\/vc_column_text]    <\/div>\n<\/div><\/div>[\/vc_column][\/vc_row][vc_row css_animation=\u00bb\u00bb row_type=\u00bbrow\u00bb use_row_as_full_screen_section=\u00bbno\u00bb type=\u00bbgrid\u00bb angled_section=\u00bbno\u00bb text_align=\u00bbleft\u00bb background_image_as_pattern=\u00bbwithout_pattern\u00bb z_index=\u00bb\u00bb][vc_column width=\u00bb1\/4&#8243;][vc_column_text]<strong>Con el soporte de:<br \/>\n<\/strong>[\/vc_column_text][\/vc_column][vc_column width=\u00bb1\/4&#8243;][vc_single_image image=\u00bb1870&#8243; img_size=\u00bbfull\u00bb qode_css_animation=\u00bb\u00bb][\/vc_column][vc_column width=\u00bb1\/4&#8243;][vc_single_image image=\u00bb733&#8243; img_size=\u00bbfull\u00bb qode_css_animation=\u00bb\u00bb][\/vc_column][vc_column width=\u00bb1\/4&#8243;][vc_single_image image=\u00bb1011&#8243; img_size=\u00bbfull\u00bb qode_css_animation=\u00bb\u00bb][\/vc_column][\/vc_row][vc_row css_animation=\u00bb\u00bb row_type=\u00bbrow\u00bb use_row_as_full_screen_section=\u00bbno\u00bb type=\u00bbfull_width\u00bb angled_section=\u00bbno\u00bb text_align=\u00bbleft\u00bb background_image_as_pattern=\u00bbwithout_pattern\u00bb el_class=\u00bbnewsletter_section_wrapper\u00bb z_index=\u00bb\u00bb][vc_column][vc_widget_sidebar sidebar_id=\u00bbnewsletter\u00bb][\/vc_column][\/vc_row]<\/p>\n<\/div>","protected":false},"excerpt":{"rendered":"<p>[vc_row css_animation=\u00bb\u00bb row_type=\u00bbrow\u00bb use_row_as_full_screen_section=\u00bbno\u00bb type=\u00bbgrid\u00bb angled_section=\u00bbno\u00bb text_align=\u00bbleft\u00bb background_image_as_pattern=\u00bbwithout_pattern\u00bb z_index=\u00bb\u00bb][vc_column][vc_column_text el_class=\u00bbsection_title small sep_small\u00bb] Orientaci\u00f3n e inserci\u00f3n [\/vc_column_text][vc_row_inner row_type=\u00bbrow\u00bb type=\u00bbfull_width\u00bb text_align=\u00bbleft\u00bb css_animation=\u00bb\u00bb][vc_column_inner width=\u00bb1\/2&#8243;][vc_column_text]Trabajamos para la inserci\u00f3n laboral de colectivos en situaci\u00f3n de vulnerabilidad (en paro, sin formaci\u00f3n o experiencia laboral, personas con discapacidad, etc.) en empresas mediante&#8230;<\/p>\n","protected":false},"author":2,"featured_media":0,"parent":1446,"menu_order":0,"comment_status":"closed","ping_status":"closed","template":"full_width.php","meta":{"footnotes":""},"class_list":["post-1451","page","type-page","status-publish","hentry"],"yoast_head":"<!-- This site is optimized with the Yoast SEO plugin v26.8 - https:\/\/yoast.com\/product\/yoast-seo-wordpress\/ -->\n<title>Orientaci\u00f3n e inserci\u00f3n - Aspronis<\/title>\n<meta name=\"robots\" content=\"index, follow, max-snippet:-1, max-image-preview:large, max-video-preview:-1\" \/>\n<link rel=\"canonical\" href=\"https:\/\/www.aspronis.com\/es\/formacio-i-insercio\/orientacion-e-insercion\/\" \/>\n<meta property=\"og:locale\" content=\"es_ES\" \/>\n<meta property=\"og:type\" content=\"article\" \/>\n<meta property=\"og:title\" content=\"Orientaci\u00f3n e inserci\u00f3n - Aspronis\" \/>\n<meta property=\"og:description\" content=\"[vc_row css_animation=\u00bb\u00bb row_type=\u00bbrow\u00bb use_row_as_full_screen_section=\u00bbno\u00bb type=\u00bbgrid\u00bb angled_section=\u00bbno\u00bb text_align=\u00bbleft\u00bb background_image_as_pattern=\u00bbwithout_pattern\u00bb z_index=\u00bb\u00bb][vc_column][vc_column_text el_class=\u00bbsection_title small sep_small\u00bb] Orientaci\u00f3n e inserci\u00f3n [\/vc_column_text][vc_row_inner row_type=\u00bbrow\u00bb type=\u00bbfull_width\u00bb text_align=\u00bbleft\u00bb css_animation=\u00bb\u00bb][vc_column_inner width=\u00bb1\/2&#8243;][vc_column_text]Trabajamos para la inserci\u00f3n laboral de colectivos en situaci\u00f3n de vulnerabilidad (en paro, sin formaci\u00f3n o experiencia laboral, personas con discapacidad, etc.) en empresas mediante...\" \/>\n<meta property=\"og:url\" content=\"https:\/\/www.aspronis.com\/es\/formacio-i-insercio\/orientacion-e-insercion\/\" \/>\n<meta property=\"og:site_name\" content=\"Aspronis\" \/>\n<meta property=\"article:modified_time\" content=\"2024-04-16T10:48:34+00:00\" \/>\n<meta name=\"twitter:card\" content=\"summary_large_image\" \/>\n<meta name=\"twitter:label1\" content=\"Tiempo de lectura\" \/>\n\t<meta name=\"twitter:data1\" content=\"3 minutos\" \/>\n<script type=\"application\/ld+json\" class=\"yoast-schema-graph\">{\"@context\":\"https:\/\/schema.org\",\"@graph\":[{\"@type\":\"WebPage\",\"@id\":\"https:\/\/www.aspronis.com\/es\/formacio-i-insercio\/orientacion-e-insercion\/\",\"url\":\"https:\/\/www.aspronis.com\/es\/formacio-i-insercio\/orientacion-e-insercion\/\",\"name\":\"Orientaci\u00f3n e inserci\u00f3n - Aspronis\",\"isPartOf\":{\"@id\":\"https:\/\/www.aspronis.com\/es\/#website\"},\"datePublished\":\"2022-09-20T11:38:04+00:00\",\"dateModified\":\"2024-04-16T10:48:34+00:00\",\"breadcrumb\":{\"@id\":\"https:\/\/www.aspronis.com\/es\/formacio-i-insercio\/orientacion-e-insercion\/#breadcrumb\"},\"inLanguage\":\"es\",\"potentialAction\":[{\"@type\":\"ReadAction\",\"target\":[\"https:\/\/www.aspronis.com\/es\/formacio-i-insercio\/orientacion-e-insercion\/\"]}]},{\"@type\":\"BreadcrumbList\",\"@id\":\"https:\/\/www.aspronis.com\/es\/formacio-i-insercio\/orientacion-e-insercion\/#breadcrumb\",\"itemListElement\":[{\"@type\":\"ListItem\",\"position\":1,\"name\":\"Formaci\u00f3n e inserci\u00f3n\",\"item\":\"https:\/\/www.aspronis.com\/es\/formacio-i-insercio\/\"},{\"@type\":\"ListItem\",\"position\":2,\"name\":\"Orientaci\u00f3n e inserci\u00f3n\"}]},{\"@type\":\"WebSite\",\"@id\":\"https:\/\/www.aspronis.com\/es\/#website\",\"url\":\"https:\/\/www.aspronis.com\/es\/\",\"name\":\"Aspronis\",\"description\":\"\",\"potentialAction\":[{\"@type\":\"SearchAction\",\"target\":{\"@type\":\"EntryPoint\",\"urlTemplate\":\"https:\/\/www.aspronis.com\/es\/?s={search_term_string}\"},\"query-input\":{\"@type\":\"PropertyValueSpecification\",\"valueRequired\":true,\"valueName\":\"search_term_string\"}}],\"inLanguage\":\"es\"}]}<\/script>\n<!-- \/ Yoast SEO plugin. -->","yoast_head_json":{"title":"Orientaci\u00f3n e inserci\u00f3n - Aspronis","robots":{"index":"index","follow":"follow","max-snippet":"max-snippet:-1","max-image-preview":"max-image-preview:large","max-video-preview":"max-video-preview:-1"},"canonical":"https:\/\/www.aspronis.com\/es\/formacio-i-insercio\/orientacion-e-insercion\/","og_locale":"es_ES","og_type":"article","og_title":"Orientaci\u00f3n e inserci\u00f3n - Aspronis","og_description":"[vc_row css_animation=\u00bb\u00bb row_type=\u00bbrow\u00bb use_row_as_full_screen_section=\u00bbno\u00bb type=\u00bbgrid\u00bb angled_section=\u00bbno\u00bb text_align=\u00bbleft\u00bb background_image_as_pattern=\u00bbwithout_pattern\u00bb z_index=\u00bb\u00bb][vc_column][vc_column_text el_class=\u00bbsection_title small sep_small\u00bb] Orientaci\u00f3n e inserci\u00f3n [\/vc_column_text][vc_row_inner row_type=\u00bbrow\u00bb type=\u00bbfull_width\u00bb text_align=\u00bbleft\u00bb css_animation=\u00bb\u00bb][vc_column_inner width=\u00bb1\/2&#8243;][vc_column_text]Trabajamos para la inserci\u00f3n laboral de colectivos en situaci\u00f3n de vulnerabilidad (en paro, sin formaci\u00f3n o experiencia laboral, personas con discapacidad, etc.) en empresas mediante...","og_url":"https:\/\/www.aspronis.com\/es\/formacio-i-insercio\/orientacion-e-insercion\/","og_site_name":"Aspronis","article_modified_time":"2024-04-16T10:48:34+00:00","twitter_card":"summary_large_image","twitter_misc":{"Tiempo de lectura":"3 minutos"},"schema":{"@context":"https:\/\/schema.org","@graph":[{"@type":"WebPage","@id":"https:\/\/www.aspronis.com\/es\/formacio-i-insercio\/orientacion-e-insercion\/","url":"https:\/\/www.aspronis.com\/es\/formacio-i-insercio\/orientacion-e-insercion\/","name":"Orientaci\u00f3n e inserci\u00f3n - Aspronis","isPartOf":{"@id":"https:\/\/www.aspronis.com\/es\/#website"},"datePublished":"2022-09-20T11:38:04+00:00","dateModified":"2024-04-16T10:48:34+00:00","breadcrumb":{"@id":"https:\/\/www.aspronis.com\/es\/formacio-i-insercio\/orientacion-e-insercion\/#breadcrumb"},"inLanguage":"es","potentialAction":[{"@type":"ReadAction","target":["https:\/\/www.aspronis.com\/es\/formacio-i-insercio\/orientacion-e-insercion\/"]}]},{"@type":"BreadcrumbList","@id":"https:\/\/www.aspronis.com\/es\/formacio-i-insercio\/orientacion-e-insercion\/#breadcrumb","itemListElement":[{"@type":"ListItem","position":1,"name":"Formaci\u00f3n e inserci\u00f3n","item":"https:\/\/www.aspronis.com\/es\/formacio-i-insercio\/"},{"@type":"ListItem","position":2,"name":"Orientaci\u00f3n e inserci\u00f3n"}]},{"@type":"WebSite","@id":"https:\/\/www.aspronis.com\/es\/#website","url":"https:\/\/www.aspronis.com\/es\/","name":"Aspronis","description":"","potentialAction":[{"@type":"SearchAction","target":{"@type":"EntryPoint","urlTemplate":"https:\/\/www.aspronis.com\/es\/?s={search_term_string}"},"query-input":{"@type":"PropertyValueSpecification","valueRequired":true,"valueName":"search_term_string"}}],"inLanguage":"es"}]}},"_links":{"self":[{"href":"https:\/\/www.aspronis.com\/es\/wp-json\/wp\/v2\/pages\/1451","targetHints":{"allow":["GET"]}}],"collection":[{"href":"https:\/\/www.aspronis.com\/es\/wp-json\/wp\/v2\/pages"}],"about":[{"href":"https:\/\/www.aspronis.com\/es\/wp-json\/wp\/v2\/types\/page"}],"author":[{"embeddable":true,"href":"https:\/\/www.aspronis.com\/es\/wp-json\/wp\/v2\/users\/2"}],"replies":[{"embeddable":true,"href":"https:\/\/www.aspronis.com\/es\/wp-json\/wp\/v2\/comments?post=1451"}],"version-history":[{"count":7,"href":"https:\/\/www.aspronis.com\/es\/wp-json\/wp\/v2\/pages\/1451\/revisions"}],"predecessor-version":[{"id":2656,"href":"https:\/\/www.aspronis.com\/es\/wp-json\/wp\/v2\/pages\/1451\/revisions\/2656"}],"up":[{"embeddable":true,"href":"https:\/\/www.aspronis.com\/es\/wp-json\/wp\/v2\/pages\/1446"}],"wp:attachment":[{"href":"https:\/\/www.aspronis.com\/es\/wp-json\/wp\/v2\/media?parent=1451"}],"curies":[{"name":"wp","href":"https:\/\/api.w.org\/{rel}","templated":true}]}}