{"id":1476,"date":"2022-07-09T09:50:13","date_gmt":"2022-07-09T07:50:13","guid":{"rendered":"https:\/\/www.aspronis.com\/politica-de-privacitat\/"},"modified":"2022-11-03T11:51:15","modified_gmt":"2022-11-03T10:51:15","slug":"politica-de-privacidad","status":"publish","type":"page","link":"https:\/\/www.aspronis.com\/es\/politica-de-privacidad\/","title":{"rendered":"Pol\u00edtica de privacidad"},"content":{"rendered":"<div class=\"wpb-content-wrapper\"><p>[vc_row css_animation=\u00bb\u00bb row_type=\u00bbrow\u00bb use_row_as_full_screen_section=\u00bbno\u00bb type=\u00bbgrid\u00bb angled_section=\u00bbno\u00bb text_align=\u00bbleft\u00bb background_image_as_pattern=\u00bbwithout_pattern\u00bb z_index=\u00bb\u00bb][vc_column][vc_column_text el_class=\u00bbsection_title small sep\u00bb]<\/p>\n<h2>Pol\u00edtica de privacidad<\/h2>\n<p>[\/vc_column_text][vc_column_text]En Fundaci\u00f3n Privada ASPRONIS trabajamos para ofrecerte a trav\u00e9s de nuestros productos y servicios la mejor experiencia posible. En algunos casos, es necesario recabar informaci\u00f3n para conseguirlo. Nos importa tu privacidad y creemos que debemos ser transparentes al respecto.<\/p>\n<p>Por ello, y a efectos de lo previsto en el REGLAMENTO (UE) 2016\/679 DEL PARLAMENTO EUROPEO Y DEL CONSEJO de 27 de abril de 2016 (en adelante, \u201cRGPD\u201d) relativo a la protecci\u00f3n de las personas f\u00edsicas en lo que respecta al tratamiento de datos personales y a la libre circulaci\u00f3n de estos datos, y la LEY 34\/2002, de 11 de julio, de Servicios de la Sociedad de la informaci\u00f3n y de comercio electr\u00f3nico (en adelante, \u201cLSSI\u201d), La Fundaci\u00f3n informa al usuario que, como responsable del tratamiento, incorporar\u00e1 los datos de car\u00e1cter personal facilitados por los usuarios en un fichero automatizado.<\/p>\n<p>&nbsp;<\/p>\n<p><b>Nuestro compromiso empieza por explicarte lo siguiente:<br \/>\n<\/b>Se recogen tus datos para que la experiencia de usuario mejore, atendiendo a tus intereses y necesidades.<\/p>\n<p>Somos transparentes en relaci\u00f3n a los datos que obtenemos acerca de ti y la raz\u00f3n por la que lo hacemos.<\/p>\n<p>Nuestra intenci\u00f3n es ofrecerte la mejor experiencia posible. Por ello, cuando vayamos a usar tu informaci\u00f3n personal lo haremos siempre cumpliendo la normativa, y cuando sea necesario, solicitaremos tu consentimiento.<\/p>\n<p>Entendemos que tus datos te pertenecen. Por tanto, si decides no autorizarnos a procesarlos puedes solicitarnos que dejemos de tratarlos.<\/p>\n<p>Nuestra prioridad consiste en garantizar tu seguridad y tratar tus datos de acuerdo con la normativa europea.<\/p>\n<p>&nbsp;<\/p>\n<p><b>\u00bfQui\u00e9n es el responsable del tratamiento de sus datos personales?<br \/>\n<\/b>Identidad:<\/p>\n<p>Fundaci\u00f3 Privada ASPRONIS con CIF G17338492. y con domicilio en Av. Sanlleh\u00ed i Bosch, 12-14 \u2013 08380 Malgrat de Mar, Barcelona Espa\u00f1a. Tel. + (34) 93 765 46 20 Correo electr\u00f3nico de contacto <a href=\"mailto:aspronis@aspronis.com\">aspronis@aspronis.com<\/a><\/p>\n<p>&nbsp;<\/p>\n<p><b>\u00bfQu\u00e9 datos personales recopilamos?<br \/>\n<\/b>Los datos personales que el usuario puede llegar a proporcionar:<\/p>\n<ul>\n<li aria-level=\"1\">Nombre y apellidos<\/li>\n<li aria-level=\"1\">Direcci\u00f3n de correo electr\u00f3nico.<\/li>\n<li aria-level=\"1\">Tel\u00e9fono de contacto.<\/li>\n<li aria-level=\"1\">Direcci\u00f3n IP, fecha y hora en la que has accedido a nuestros servicios, navegador de internet que uses y datos sobre el sistema operativo del dispositivo.<\/li>\n<li aria-level=\"1\">Cualquier otra informaci\u00f3n o datos que decidas compartir con nosotros.<\/li>\n<\/ul>\n<p>En algunos casos, es obligatoria la cumplimentaci\u00f3n del formulario de registro para acceder y participar de determinados cometidos gestionados a trav\u00e9s de la web; asimismo, no facilitar los datos personales solicitados o el no aceptar la presente pol\u00edtica de protecci\u00f3n de datos supone la imposibilidad de suscribirse, registrarse o participar en cualquiera de las promociones en las que se soliciten datos car\u00e1cter personal.<\/p>\n<p>&nbsp;<\/p>\n<p><b>\u00bfPor qu\u00e9 y para qu\u00e9 tratamos tus datos?<br \/>\n<\/b>En La Fundaci\u00f3n tratamos la informaci\u00f3n que nos facilitan las personas interesadas con las siguientes finalidades:<\/p>\n<ul>\n<li aria-level=\"1\">Gestionar el env\u00edo de la informaci\u00f3n que nos soliciten.<\/li>\n<li aria-level=\"1\">Gestionar la relaci\u00f3n con los suscriptores que se registren a trav\u00e9s del formulario de contacto.<\/li>\n<li aria-level=\"1\">Previa obtenci\u00f3n de su consentimiento expreso, enviar a los usuarios informaci\u00f3n sobre las actividades y eventos promocionados por La Fundaci\u00f3n.<\/li>\n<li aria-level=\"1\">Gesti\u00f3n de cobros a trav\u00e9s de las pasarelas de las entidades\u00a0 bancarias de pago facilitadas en nuestra web.<\/li>\n<li aria-level=\"1\">Permitir a los usuarios publicar su propio contenido directamente en el sitio web o en sitios web gestionados de forma independiente por terceros con los que La Fundaci\u00f3n ha completado acuerdos en este sentido, tales como, a modo de ejemplo, pero no limitado a, redes sociales como Facebook, Twitter, etc. (en lo sucesivo, \u00abRedes Sociales\u00bb).<\/li>\n<li aria-level=\"1\">Desarrollar acciones comerciales y realizar el mantenimiento y gesti\u00f3n de la relaci\u00f3n con el usuario, as\u00ed como la gesti\u00f3n de los servicios ofrecido a trav\u00e9s del sitio web y las labores de informaci\u00f3n, pudiendo realizar valoraciones autom\u00e1ticas, obtenci\u00f3n de perfiles y labores de segmentaci\u00f3n de los usuarios.<\/li>\n<\/ul>\n<p>En algunos casos ser\u00e1 necesario facilitar informaci\u00f3n a las Autoridades o terceras empresas por motivos de auditor\u00eda, as\u00ed como manejar datos personales de facturas, contratos y documentos para responder a reclamaciones de clientes o de las Administraciones P\u00fablicas.<\/p>\n<p>&nbsp;<\/p>\n<p><b>\u00bfCu\u00e1l es la legitimaci\u00f3n para el tratamiento de tus datos?<br \/>\n<\/b>El tratamiento de tus datos puede fundamentarse en las siguientes bases legales:<\/p>\n<ul>\n<li aria-level=\"1\">Consentimiento del interesado para registrarse a trav\u00e9s de los formularios de contacto, las solicitudes de informaci\u00f3n, pagos online o alta en e-newsletters.<\/li>\n<li aria-level=\"1\">Inter\u00e9s leg\u00edtimo para el tratamiento de datos de nuestros suscriptores en acciones de marketing directo y consentimiento expreso del interesado para todo lo relativo a las valoraciones autom\u00e1ticas y elaboraci\u00f3n de perfiles.<\/li>\n<li aria-level=\"1\">Cumplimiento de obligaciones legales para prevenci\u00f3n del fraude, comunicaci\u00f3n con Autoridades P\u00fablicas y reclamaciones de terceros.<\/li>\n<\/ul>\n<p><b>\u00bfCu\u00e1nto tiempo conservamos tus datos?<br \/>\n<\/b>El tratamiento de los datos con las finalidades descritas se mantendr\u00e1 durante el tiempo necesario para cumplir con la finalidad de su recogida (por ejemplo, mientras dure la relaci\u00f3n comercial), as\u00ed como para el cumplimiento de las obligaciones legales que se deriven del tratamiento de los datos.<\/p>\n<p>&nbsp;<\/p>\n<p><b>\u00bfA qu\u00e9 destinatarios se comunican tus datos?<br \/>\n<\/b>En algunos casos, solo cuando sea necesario, La Fundaci\u00f3n proporcionar\u00e1 datos de los usuarios a terceros. Sin embargo, nunca se vender\u00e1n los datos a terceros. Los proveedores de servicios externos con los que trabaje, La Fundaci\u00f3n pueden usar los datos para proporcionar los servicios correspondientes, sin embargo, no usar\u00e1n dicha informaci\u00f3n para fines propios o para cesi\u00f3n a terceros.<\/p>\n<p>La Fundaci\u00f3n procura garantizar la seguridad de los datos personales cuando se env\u00edan fuera de la empresa y se asegura que los terceros proveedores de servicio respetan la confidencialidad y cuentan con las medidas adecuadas para proteger los datos personales. Dichos terceros tienen la obligaci\u00f3n de garantizar que la informaci\u00f3n se trata conforme con la normativa de privacidad de datos.<\/p>\n<p>En algunos casos, la ley puede exigir que se revelen datos personales a organismos p\u00fablicos u otras partes, solo se revelar\u00e1 lo estrictamente necesario para el cumplimiento de dichas obligaciones legales.<\/p>\n<p>&nbsp;<\/p>\n<p><b>\u00bfD\u00f3nde se almacenan tus datos?<br \/>\n<\/b>Con car\u00e1cter general, los datos se almacenan dentro de la UE.<\/p>\n<p>&nbsp;<\/p>\n<p><b>\u00bfQu\u00e9 derechos te asisten y c\u00f3mo puedes ejercerlos?<br \/>\n<\/b>Puedes dirigir tus comunicaciones y ejercitar tus derechos mediante una petici\u00f3n en el siguiente correo electr\u00f3nico: <a href=\"mailto:aspronis@aspronis.com\">aspronis@aspronis.com<\/a><\/p>\n<p>En virtud de lo que establece el RGPD (UE) puedes solicitar:<\/p>\n<ul>\n<li aria-level=\"1\">Derecho de acceso: puedes pedir informaci\u00f3n de aquellos datos personales que dispongamos acerca de ti.<\/li>\n<li aria-level=\"1\">Derecho de rectificaci\u00f3n: puedes comunicar cualquier cambio en tus datos personales.<\/li>\n<li aria-level=\"1\">Derecho de supresi\u00f3n y al olvido: puedes solicitar la eliminaci\u00f3n previo bloqueo de los datos personales.<\/li>\n<li aria-level=\"1\">Derecho de limitaci\u00f3n al tratamiento: supone la restricci\u00f3n del tratamiento de los datos personales.<\/li>\n<li aria-level=\"1\">Derecho de oposici\u00f3n: puedes retirar el consentimiento del tratamiento de los datos, oponi\u00e9ndose a que se sigan tratando.<\/li>\n<li aria-level=\"1\">Derecho a la portabilidad: en algunos casos, puedes pedir una copia de los datos personales en un formato estructurado, de uso com\u00fan y lectura mec\u00e1nica para su transmisi\u00f3n a otro responsable.<\/li>\n<li aria-level=\"1\">Derecho a no ser objeto de decisiones individualizadas: puedes solicitar que no se tomen decisiones que se basen \u00fanicamente en el tratamiento automatizado, incluyendo la elaboraci\u00f3n de per les, que produzca efectos jur\u00eddicos o afecte significativamente al interesado.<\/li>\n<\/ul>\n<p>En algunos casos, se podr\u00e1 rechazar la solicitud si solicitas que se eliminen datos necesarios para el cumplimiento de obligaciones legales.<\/p>\n<p>Asimismo, si tienes alguna queja sobre el tratamiento de los datos puedes presentar una reclamaci\u00f3n a la autoridad de protecci\u00f3n de datos.<\/p>\n<p>&nbsp;<\/p>\n<p><b>\u00bfQui\u00e9n es el responsable de la exactitud y veracidad de los datos facilitados?<br \/>\n<\/b>El usuario es el \u00fanico responsable de la veracidad y correcci\u00f3n de los datos incluidos, exonerando a La Fundaci\u00f3n de cualquier responsabilidad al respecto. Los usuarios garantizan y responden, en cualquier caso, de la exactitud, vigencia y autenticidad de los datos personales facilitados, y se comprometen a mantenerlos debidamente actualizados. El usuario acepta proporcionar informaci\u00f3n completa y correcta en el formulario de contacto. La Fundaci\u00f3n se reserva el derecho de finalizar los servicios contratados que se hubiera celebrado con los usuarios, en caso que los datos que haya facilitado sean falsos, incompletos, inexactos o no est\u00e9n actualizados.<\/p>\n<p>La Fundaci\u00f3n no responde de la veracidad de las informaciones que no sean de elaboraci\u00f3n propia y de las que se indique otra fuente, por lo que tampoco asume responsabilidad alguna en cuanto a hipot\u00e9ticos perjuicios que pudieran originarse por el uso de dicha informaci\u00f3n.<\/p>\n<p>La Fundaci\u00f3n se reserva el derecho a actualizar, modificar o eliminar la informaci\u00f3n contenida en sus p\u00e1ginas web pudiendo incluso limitar o no permitir el acceso a dicha informaci\u00f3n. Se exonera a La Fundaci\u00f3n de responsabilidad ante cualquier da\u00f1o o perjuicio que pudiera sufrir el usuario como consecuencia de errores, defectos u omisiones, en la informaci\u00f3n facilitada por La Fundaci\u00f3n siempre que proceda de fuentes ajenas a la misma.<\/p>\n<p>Asimismo, el usuario certifica que es mayor de 14 a\u00f1os y que posee la capacidad legal necesaria para la prestaci\u00f3n del consentimiento en cuanto al tratamiento de sus datos de car\u00e1cter personal.<\/p>\n<p>&nbsp;<\/p>\n<p><b>\u00bfC\u00f3mo tratamos los datos personales de los menores de edad?<br \/>\n<\/b>En principio nuestros servicios no van dirigidos a menores de edad.<\/p>\n<p>En el caso de mayores de catorce a\u00f1os podr\u00e1 procederse al tratamiento de los datos con el consentimiento del usuario, exceptuando aquellos casos en los que la Ley exija la asistencia de los titulares de la patria potestad o tutela.<\/p>\n<p>&nbsp;<\/p>\n<p><b>\u00bfQu\u00e9 medidas de seguridad aplicamos para proteger tus datos personales?<br \/>\n<\/b>La Fundaci\u00f3n ha adoptado los niveles de seguridad de protecci\u00f3n de los Datos Personales legalmente requeridos, y procura instalar aquellos otros medios y medidas t\u00e9cnicas adicionales a su alcance para evitar la p\u00e9rdida, mal uso, alteraci\u00f3n, acceso no autorizado y robo de los Datos Personales facilitados a La Fundaci\u00f3n.<\/p>\n<p>La Fundaci\u00f3n no es responsable de hipot\u00e9ticos da\u00f1os o perjuicios que se pudieran derivar de interferencias, omisiones, interrupciones, virus inform\u00e1ticos, aver\u00edas telef\u00f3nicas o desconexiones en el funcionamiento operativo de este sistema electr\u00f3nico, motivadas por causas ajenas a La Fundaci\u00f3n; de retrasos o bloqueos en el uso del presente sistema electr\u00f3nico causados por de ciencias o sobrecargas de l\u00edneas telef\u00f3nicas o sobrecargas en el Centro de Procesos de Datos, en el sistema de Internet o en otros sistemas electr\u00f3nicos, as\u00ed como de da\u00f1os que puedan ser causados por terceras personas mediante intromisiones ileg\u00edtimas fuera del control de La Fundaci\u00f3n. No obstante, el usuario debe ser consciente de que las medidas de seguridad en Internet no son inexpugnables.<\/p>\n<p>&nbsp;<\/p>\n<p><b>Enlaces a otros sitios web<br \/>\n<\/b>En este sitio web puede haber enlaces a otras p\u00e1ginas web. Al clicar en uno de estos enlaces y acceder a un sitio web externo, la visita estar\u00e1 sujeta a la pol\u00edtica de privacidad de dicho sitio web, quedando La Fundaci\u00f3n desvinculada de cualquier tipo de responsabilidad acerca de su pol\u00edtica de privacidad.<\/p>\n<p>&nbsp;<\/p>\n<p><b>\u00bfPuede modificarse la pol\u00edtica de privacidad?<br \/>\n<\/b>Esta pol\u00edtica de privacidad puede modificarse. Te recomendamos que revises la pol\u00edtica de privacidad con cierta frecuencia.<\/p>\n<p>[\/vc_column_text][vc_separator type=\u00bbtransparent\u00bb up=\u00bb20&#8243;][\/vc_column][\/vc_row]<\/p>\n<\/div>","protected":false},"excerpt":{"rendered":"<p>[vc_row css_animation=\u00bb\u00bb row_type=\u00bbrow\u00bb use_row_as_full_screen_section=\u00bbno\u00bb type=\u00bbgrid\u00bb angled_section=\u00bbno\u00bb text_align=\u00bbleft\u00bb background_image_as_pattern=\u00bbwithout_pattern\u00bb z_index=\u00bb\u00bb][vc_column][vc_column_text el_class=\u00bbsection_title small sep\u00bb] Pol\u00edtica de privacidad [\/vc_column_text][vc_column_text]En Fundaci\u00f3n Privada ASPRONIS trabajamos para ofrecerte a trav\u00e9s de nuestros productos y servicios la mejor experiencia posible. En algunos casos, es necesario recabar informaci\u00f3n para conseguirlo. Nos importa tu&#8230;<\/p>\n","protected":false},"author":1,"featured_media":0,"parent":0,"menu_order":0,"comment_status":"closed","ping_status":"closed","template":"full_width.php","meta":{"footnotes":""},"class_list":["post-1476","page","type-page","status-publish","hentry"],"yoast_head":"<!-- This site is optimized with the Yoast SEO plugin v26.8 - https:\/\/yoast.com\/product\/yoast-seo-wordpress\/ -->\n<title>Pol\u00edtica de privacidad - Aspronis<\/title>\n<meta name=\"robots\" content=\"index, follow, max-snippet:-1, max-image-preview:large, max-video-preview:-1\" \/>\n<link rel=\"canonical\" href=\"https:\/\/www.aspronis.com\/es\/politica-de-privacidad\/\" \/>\n<meta property=\"og:locale\" content=\"es_ES\" \/>\n<meta property=\"og:type\" content=\"article\" \/>\n<meta property=\"og:title\" content=\"Pol\u00edtica de privacidad - Aspronis\" \/>\n<meta property=\"og:description\" content=\"[vc_row css_animation=\u00bb\u00bb row_type=\u00bbrow\u00bb use_row_as_full_screen_section=\u00bbno\u00bb type=\u00bbgrid\u00bb angled_section=\u00bbno\u00bb text_align=\u00bbleft\u00bb background_image_as_pattern=\u00bbwithout_pattern\u00bb z_index=\u00bb\u00bb][vc_column][vc_column_text el_class=\u00bbsection_title small sep\u00bb] Pol\u00edtica de privacidad [\/vc_column_text][vc_column_text]En Fundaci\u00f3n Privada ASPRONIS trabajamos para ofrecerte a trav\u00e9s de nuestros productos y servicios la mejor experiencia posible. En algunos casos, es necesario recabar informaci\u00f3n para conseguirlo. Nos importa tu...\" \/>\n<meta property=\"og:url\" content=\"https:\/\/www.aspronis.com\/es\/politica-de-privacidad\/\" \/>\n<meta property=\"og:site_name\" content=\"Aspronis\" \/>\n<meta property=\"article:modified_time\" content=\"2022-11-03T10:51:15+00:00\" \/>\n<meta name=\"twitter:card\" content=\"summary_large_image\" \/>\n<meta name=\"twitter:label1\" content=\"Tiempo de lectura\" \/>\n\t<meta name=\"twitter:data1\" content=\"10 minutos\" \/>\n<script type=\"application\/ld+json\" class=\"yoast-schema-graph\">{\"@context\":\"https:\/\/schema.org\",\"@graph\":[{\"@type\":\"WebPage\",\"@id\":\"https:\/\/www.aspronis.com\/es\/politica-de-privacidad\/\",\"url\":\"https:\/\/www.aspronis.com\/es\/politica-de-privacidad\/\",\"name\":\"Pol\u00edtica de privacidad - Aspronis\",\"isPartOf\":{\"@id\":\"https:\/\/www.aspronis.com\/es\/#website\"},\"datePublished\":\"2022-07-09T07:50:13+00:00\",\"dateModified\":\"2022-11-03T10:51:15+00:00\",\"inLanguage\":\"es\",\"potentialAction\":[{\"@type\":\"ReadAction\",\"target\":[\"https:\/\/www.aspronis.com\/es\/politica-de-privacidad\/\"]}]},{\"@type\":\"WebSite\",\"@id\":\"https:\/\/www.aspronis.com\/es\/#website\",\"url\":\"https:\/\/www.aspronis.com\/es\/\",\"name\":\"Aspronis\",\"description\":\"\",\"potentialAction\":[{\"@type\":\"SearchAction\",\"target\":{\"@type\":\"EntryPoint\",\"urlTemplate\":\"https:\/\/www.aspronis.com\/es\/?s={search_term_string}\"},\"query-input\":{\"@type\":\"PropertyValueSpecification\",\"valueRequired\":true,\"valueName\":\"search_term_string\"}}],\"inLanguage\":\"es\"}]}<\/script>\n<!-- \/ Yoast SEO plugin. -->","yoast_head_json":{"title":"Pol\u00edtica de privacidad - Aspronis","robots":{"index":"index","follow":"follow","max-snippet":"max-snippet:-1","max-image-preview":"max-image-preview:large","max-video-preview":"max-video-preview:-1"},"canonical":"https:\/\/www.aspronis.com\/es\/politica-de-privacidad\/","og_locale":"es_ES","og_type":"article","og_title":"Pol\u00edtica de privacidad - Aspronis","og_description":"[vc_row css_animation=\u00bb\u00bb row_type=\u00bbrow\u00bb use_row_as_full_screen_section=\u00bbno\u00bb type=\u00bbgrid\u00bb angled_section=\u00bbno\u00bb text_align=\u00bbleft\u00bb background_image_as_pattern=\u00bbwithout_pattern\u00bb z_index=\u00bb\u00bb][vc_column][vc_column_text el_class=\u00bbsection_title small sep\u00bb] Pol\u00edtica de privacidad [\/vc_column_text][vc_column_text]En Fundaci\u00f3n Privada ASPRONIS trabajamos para ofrecerte a trav\u00e9s de nuestros productos y servicios la mejor experiencia posible. En algunos casos, es necesario recabar informaci\u00f3n para conseguirlo. Nos importa tu...","og_url":"https:\/\/www.aspronis.com\/es\/politica-de-privacidad\/","og_site_name":"Aspronis","article_modified_time":"2022-11-03T10:51:15+00:00","twitter_card":"summary_large_image","twitter_misc":{"Tiempo de lectura":"10 minutos"},"schema":{"@context":"https:\/\/schema.org","@graph":[{"@type":"WebPage","@id":"https:\/\/www.aspronis.com\/es\/politica-de-privacidad\/","url":"https:\/\/www.aspronis.com\/es\/politica-de-privacidad\/","name":"Pol\u00edtica de privacidad - Aspronis","isPartOf":{"@id":"https:\/\/www.aspronis.com\/es\/#website"},"datePublished":"2022-07-09T07:50:13+00:00","dateModified":"2022-11-03T10:51:15+00:00","inLanguage":"es","potentialAction":[{"@type":"ReadAction","target":["https:\/\/www.aspronis.com\/es\/politica-de-privacidad\/"]}]},{"@type":"WebSite","@id":"https:\/\/www.aspronis.com\/es\/#website","url":"https:\/\/www.aspronis.com\/es\/","name":"Aspronis","description":"","potentialAction":[{"@type":"SearchAction","target":{"@type":"EntryPoint","urlTemplate":"https:\/\/www.aspronis.com\/es\/?s={search_term_string}"},"query-input":{"@type":"PropertyValueSpecification","valueRequired":true,"valueName":"search_term_string"}}],"inLanguage":"es"}]}},"_links":{"self":[{"href":"https:\/\/www.aspronis.com\/es\/wp-json\/wp\/v2\/pages\/1476","targetHints":{"allow":["GET"]}}],"collection":[{"href":"https:\/\/www.aspronis.com\/es\/wp-json\/wp\/v2\/pages"}],"about":[{"href":"https:\/\/www.aspronis.com\/es\/wp-json\/wp\/v2\/types\/page"}],"author":[{"embeddable":true,"href":"https:\/\/www.aspronis.com\/es\/wp-json\/wp\/v2\/users\/1"}],"replies":[{"embeddable":true,"href":"https:\/\/www.aspronis.com\/es\/wp-json\/wp\/v2\/comments?post=1476"}],"version-history":[{"count":2,"href":"https:\/\/www.aspronis.com\/es\/wp-json\/wp\/v2\/pages\/1476\/revisions"}],"predecessor-version":[{"id":1828,"href":"https:\/\/www.aspronis.com\/es\/wp-json\/wp\/v2\/pages\/1476\/revisions\/1828"}],"wp:attachment":[{"href":"https:\/\/www.aspronis.com\/es\/wp-json\/wp\/v2\/media?parent=1476"}],"curies":[{"name":"wp","href":"https:\/\/api.w.org\/{rel}","templated":true}]}}