{"id":1486,"date":"2022-07-06T16:43:25","date_gmt":"2022-07-06T14:43:25","guid":{"rendered":"https:\/\/www.aspronis.com\/serveis-a-les-persones\/atencio-diurna\/"},"modified":"2022-12-08T16:16:06","modified_gmt":"2022-12-08T15:16:06","slug":"atencion-diurna","status":"publish","type":"page","link":"https:\/\/www.aspronis.com\/es\/serveis-a-les-persones\/atencion-diurna\/","title":{"rendered":"Atenci\u00f3n diurna"},"content":{"rendered":"<div class=\"wpb-content-wrapper\"><p>[vc_row css_animation=\u00bb\u00bb row_type=\u00bbrow\u00bb use_row_as_full_screen_section=\u00bbno\u00bb type=\u00bbgrid\u00bb angled_section=\u00bbno\u00bb text_align=\u00bbleft\u00bb background_image_as_pattern=\u00bbwithout_pattern\u00bb z_index=\u00bb\u00bb][vc_column][vc_column_text el_class=\u00bbsection_title small sep_small\u00bb]<\/p>\n<h2>Servicio Ocupacional de Inserci\u00f3n (SOI)<\/h2>\n<p>[\/vc_column_text][vc_column_text]<strong>El SOI es el paso intermedio al mundo laboral:<\/strong> mediante actividades de ajuste personal y social y actividades prelaborales preparamos a las personas para adquirir y desarrollar h\u00e1bitos que les lleven a conseguir la inserci\u00f3n en el Centro Especial de Empleo o en una empresa.[\/vc_column_text][vc_separator type=\u00bbtransparent\u00bb up=\u00bb30&#8243;]<div class=\"qode-advanced-image-gallery  qode-aig-grid-type qode-medium-space   \">\n\t<div class=\"qode-aig-inner qode-outer-space qode-aig-grid qode-aig-three-columns\">\n\t\t\t\t\t<div class=\"qode-aig-image qode-item-space\">\n\t\t\t\t<div class=\"qode-aig-image-inner\">\n\t\t\t\t\t\t\t\t\t\t\t<img loading=\"lazy\" decoding=\"async\" width=\"699\" height=\"396\" src=\"https:\/\/www.aspronis.com\/wp-content\/uploads\/2022\/07\/atencio_diurna_2-1.jpg\" class=\"attachment-full size-full\" alt=\"\" srcset=\"https:\/\/www.aspronis.com\/wp-content\/uploads\/2022\/07\/atencio_diurna_2-1.jpg 699w, https:\/\/www.aspronis.com\/wp-content\/uploads\/2022\/07\/atencio_diurna_2-1-600x340.jpg 600w, https:\/\/www.aspronis.com\/wp-content\/uploads\/2022\/07\/atencio_diurna_2-1-300x170.jpg 300w\" sizes=\"auto, (max-width: 699px) 100vw, 699px\" \/>\t\t\t\t\t\t<span class=\"aig-gallery-hover\">\n\t\t\t\t\t\t\t\t\t\t\t\t\t<\/span>\n\t\t\t\t\t\t\t\t\t<\/div>\n\t\t\t<\/div>\n\t\t\t\t\t<div class=\"qode-aig-image qode-item-space\">\n\t\t\t\t<div class=\"qode-aig-image-inner\">\n\t\t\t\t\t\t\t\t\t\t\t<img loading=\"lazy\" decoding=\"async\" width=\"699\" height=\"396\" src=\"https:\/\/www.aspronis.com\/wp-content\/uploads\/2022\/07\/atencio_diurna_3-1.jpg\" class=\"attachment-full size-full\" alt=\"\" srcset=\"https:\/\/www.aspronis.com\/wp-content\/uploads\/2022\/07\/atencio_diurna_3-1.jpg 699w, https:\/\/www.aspronis.com\/wp-content\/uploads\/2022\/07\/atencio_diurna_3-1-600x340.jpg 600w, https:\/\/www.aspronis.com\/wp-content\/uploads\/2022\/07\/atencio_diurna_3-1-300x170.jpg 300w\" sizes=\"auto, (max-width: 699px) 100vw, 699px\" \/>\t\t\t\t\t\t<span class=\"aig-gallery-hover\">\n\t\t\t\t\t\t\t\t\t\t\t\t\t<\/span>\n\t\t\t\t\t\t\t\t\t<\/div>\n\t\t\t<\/div>\n\t\t\t\t\t<div class=\"qode-aig-image qode-item-space\">\n\t\t\t\t<div class=\"qode-aig-image-inner\">\n\t\t\t\t\t\t\t\t\t\t\t<img loading=\"lazy\" decoding=\"async\" width=\"699\" height=\"396\" src=\"https:\/\/www.aspronis.com\/wp-content\/uploads\/2022\/07\/atencio_diurna_4-1.jpg\" class=\"attachment-full size-full\" alt=\"\" srcset=\"https:\/\/www.aspronis.com\/wp-content\/uploads\/2022\/07\/atencio_diurna_4-1.jpg 699w, https:\/\/www.aspronis.com\/wp-content\/uploads\/2022\/07\/atencio_diurna_4-1-600x340.jpg 600w, https:\/\/www.aspronis.com\/wp-content\/uploads\/2022\/07\/atencio_diurna_4-1-300x170.jpg 300w\" sizes=\"auto, (max-width: 699px) 100vw, 699px\" \/>\t\t\t\t\t\t<span class=\"aig-gallery-hover\">\n\t\t\t\t\t\t\t\t\t\t\t\t\t<\/span>\n\t\t\t\t\t\t\t\t\t<\/div>\n\t\t\t<\/div>\n\t\t\t<\/div>\n<\/div>[vc_separator type=\u00bbtransparent\u00bb up=\u00bb20&#8243;][vc_column_text el_class=\u00bbatencio_centres_list\u00bb]Contacto:<\/p>\n<ul>\n<li><a href=\"https:\/\/www.aspronis.com\/es\/la-fundacio\/aspronis-qui-som\/contactans\/\" target=\"_blank\" rel=\"noopener\">Malgrat de Mar<\/a><\/li>\n<\/ul>\n<p>[\/vc_column_text][\/vc_column][\/vc_row][vc_row css_animation=\u00bb\u00bb row_type=\u00bbrow\u00bb use_row_as_full_screen_section=\u00bbno\u00bb type=\u00bbgrid\u00bb angled_section=\u00bbno\u00bb text_align=\u00bbleft\u00bb background_image_as_pattern=\u00bbwithout_pattern\u00bb el_class=\u00bbbg_gris\u00bb z_index=\u00bb\u00bb][vc_column][vc_column_text el_class=\u00bbsection_title small sep_small\u00bb]<\/p>\n<h2>Servicio de Terapia Ocupacional (STO)<\/h2>\n<p>[\/vc_column_text][vc_row_inner row_type=\u00bbrow\u00bb type=\u00bbfull_width\u00bb text_align=\u00bbleft\u00bb css_animation=\u00bb\u00bb][vc_column_inner width=\u00bb2\/3&#8243;][vc_column_text]De tipo rehabilitador integral, es un <strong>servicio dirigido a personas con discapacidad intelectual en edad adulta con un grado de discapacidad igual o superior al 65% que no pueden acceder al \u00e1mbito laboral. <\/strong><\/p>\n<p>Con el fin de contribuir a la calidad de vida de las personas, en el Centro Ocupacional realizamos actividades inclusivas de ajuste personal adaptadas a las necesidades y deseos de las personas, y actividades de empleo terap\u00e9utico para adquirir o mantener h\u00e1bitos laborales.<\/p>\n<p>Como empleo terap\u00e9utico, algunos grupos de usuarios elaboran artesan\u00eda por encargo para particulares, empresas o instituciones: papel reciclado (postales, invitaciones, libretas, etc.), cer\u00e1mica, bisuter\u00eda o velas con parafina de alta calidad, entre otros. Tambi\u00e9n vendemos estos productos en ferias, principalmente por Sant Jordi y Navidad en Blanes Malgrat de Mar.<\/p>\n<p>Las personas atendidas en el Centro Ocupacional explican sus actividades y salidas en un blog propio que puede seguir, s\u00f3lo es necesario que se suscriba.<\/p>\n<p>[\/vc_column_text][vc_separator type=\u00bbtransparent\u00bb up=\u00bb30&#8243;][vc_column_text el_class=\u00bbatencio_centres_list\u00bb]Contacto :<\/p>\n<ul>\n<li><a href=\"https:\/\/www.aspronis.com\/es\/la-fundacio\/aspronis-qui-som\/contactans\/\" target=\"_blank\" rel=\"noopener\">Blanes<\/a><\/li>\n<\/ul>\n<p>[\/vc_column_text][vc_separator type=\u00bbtransparent\u00bb up=\u00bb30&#8243;][\/vc_column_inner][vc_column_inner width=\u00bb1\/3&#8243;][vc_single_image image=\u00bb397&#8243; img_size=\u00bbfull\u00bb qode_css_animation=\u00bb\u00bb][vc_separator type=\u00bbtransparent\u00bb up=\u00bb30&#8243;][vc_single_image image=\u00bb399&#8243; img_size=\u00bbfull\u00bb qode_css_animation=\u00bb\u00bb][\/vc_column_inner][\/vc_row_inner][\/vc_column][\/vc_row][vc_row css_animation=\u00bb\u00bb row_type=\u00bbrow\u00bb use_row_as_full_screen_section=\u00bbno\u00bb type=\u00bbgrid\u00bb angled_section=\u00bbno\u00bb text_align=\u00bbleft\u00bb background_image_as_pattern=\u00bbwithout_pattern\u00bb z_index=\u00bb\u00bb][vc_column][vc_column_text el_class=\u00bbsection_title small sep_small\u00bb]<\/p>\n<h2>Centre de Atenci\u00f3n Especializada Pinya de Rosa<\/h2>\n<p>[\/vc_column_text][vc_column_text]Pinya de Rosa dispone de 8 plazas de centro de d\u00eda para personas con discapacidad intelectual con necesidades de apoyo extenso y generalizado. El centro proporciona rehabilitaci\u00f3n y atenci\u00f3n asistencial, m\u00e9dica y psicopedag\u00f3gica.[\/vc_column_text][vc_separator type=\u00bbtransparent\u00bb up=\u00bb30&#8243;]<div class=\"qode-advanced-image-gallery  qode-aig-grid-type qode-medium-space   \">\n\t<div class=\"qode-aig-inner qode-outer-space qode-aig-grid qode-aig-two-columns\">\n\t\t\t\t\t<div class=\"qode-aig-image qode-item-space\">\n\t\t\t\t<div class=\"qode-aig-image-inner\">\n\t\t\t\t\t\t\t\t\t\t\t<img loading=\"lazy\" decoding=\"async\" width=\"860\" height=\"570\" src=\"https:\/\/www.aspronis.com\/wp-content\/uploads\/2022\/07\/atencio_diurna_7.jpg\" class=\"attachment-full size-full\" alt=\"\" srcset=\"https:\/\/www.aspronis.com\/wp-content\/uploads\/2022\/07\/atencio_diurna_7.jpg 860w, https:\/\/www.aspronis.com\/wp-content\/uploads\/2022\/07\/atencio_diurna_7-600x398.jpg 600w, https:\/\/www.aspronis.com\/wp-content\/uploads\/2022\/07\/atencio_diurna_7-300x199.jpg 300w, https:\/\/www.aspronis.com\/wp-content\/uploads\/2022\/07\/atencio_diurna_7-768x509.jpg 768w, https:\/\/www.aspronis.com\/wp-content\/uploads\/2022\/07\/atencio_diurna_7-700x464.jpg 700w\" sizes=\"auto, (max-width: 860px) 100vw, 860px\" \/>\t\t\t\t\t\t<span class=\"aig-gallery-hover\">\n\t\t\t\t\t\t\t\t\t\t\t\t\t<\/span>\n\t\t\t\t\t\t\t\t\t<\/div>\n\t\t\t<\/div>\n\t\t\t\t\t<div class=\"qode-aig-image qode-item-space\">\n\t\t\t\t<div class=\"qode-aig-image-inner\">\n\t\t\t\t\t\t\t\t\t\t\t<img loading=\"lazy\" decoding=\"async\" width=\"860\" height=\"570\" src=\"https:\/\/www.aspronis.com\/wp-content\/uploads\/2022\/07\/atencio_diurna_8.jpg\" class=\"attachment-full size-full\" alt=\"\" srcset=\"https:\/\/www.aspronis.com\/wp-content\/uploads\/2022\/07\/atencio_diurna_8.jpg 860w, https:\/\/www.aspronis.com\/wp-content\/uploads\/2022\/07\/atencio_diurna_8-600x398.jpg 600w, https:\/\/www.aspronis.com\/wp-content\/uploads\/2022\/07\/atencio_diurna_8-300x199.jpg 300w, https:\/\/www.aspronis.com\/wp-content\/uploads\/2022\/07\/atencio_diurna_8-768x509.jpg 768w, https:\/\/www.aspronis.com\/wp-content\/uploads\/2022\/07\/atencio_diurna_8-700x464.jpg 700w\" sizes=\"auto, (max-width: 860px) 100vw, 860px\" \/>\t\t\t\t\t\t<span class=\"aig-gallery-hover\">\n\t\t\t\t\t\t\t\t\t\t\t\t\t<\/span>\n\t\t\t\t\t\t\t\t\t<\/div>\n\t\t\t<\/div>\n\t\t\t<\/div>\n<\/div>[vc_separator type=\u00bbtransparent\u00bb up=\u00bb20&#8243;][vc_column_text el_class=\u00bbatencio_centres_list\u00bb]Contacto:<\/p>\n<ul>\n<li><a href=\"https:\/\/www.google.com\" target=\"_blank\" rel=\"noopener\">Palafolls<\/a><\/li>\n<\/ul>\n<p>[\/vc_column_text][\/vc_column][\/vc_row][vc_row css_animation=\u00bb\u00bb row_type=\u00bbrow\u00bb use_row_as_full_screen_section=\u00bbno\u00bb type=\u00bbfull_width\u00bb angled_section=\u00bbno\u00bb text_align=\u00bbleft\u00bb background_image_as_pattern=\u00bbwithout_pattern\u00bb el_class=\u00bbnewsletter_section_wrapper\u00bb z_index=\u00bb\u00bb][vc_column][vc_widget_sidebar sidebar_id=\u00bbnewsletter\u00bb][\/vc_column][\/vc_row]<\/p>\n<\/div>","protected":false},"excerpt":{"rendered":"<p>[vc_row css_animation=\u00bb\u00bb row_type=\u00bbrow\u00bb use_row_as_full_screen_section=\u00bbno\u00bb type=\u00bbgrid\u00bb angled_section=\u00bbno\u00bb text_align=\u00bbleft\u00bb background_image_as_pattern=\u00bbwithout_pattern\u00bb z_index=\u00bb\u00bb][vc_column][vc_column_text el_class=\u00bbsection_title small sep_small\u00bb] Servicio Ocupacional de Inserci\u00f3n (SOI) [\/vc_column_text][vc_column_text]El SOI es el paso intermedio al mundo laboral: mediante actividades de ajuste personal y social y actividades prelaborales preparamos a las personas para adquirir y desarrollar h\u00e1bitos&#8230;<\/p>\n","protected":false},"author":1,"featured_media":0,"parent":1484,"menu_order":0,"comment_status":"closed","ping_status":"closed","template":"full_width.php","meta":{"footnotes":""},"class_list":["post-1486","page","type-page","status-publish","hentry"],"yoast_head":"<!-- This site is optimized with the Yoast SEO plugin v26.8 - https:\/\/yoast.com\/product\/yoast-seo-wordpress\/ -->\n<title>Atenci\u00f3n diurna - Aspronis<\/title>\n<meta name=\"robots\" content=\"index, follow, max-snippet:-1, max-image-preview:large, max-video-preview:-1\" \/>\n<link rel=\"canonical\" href=\"https:\/\/www.aspronis.com\/es\/serveis-a-les-persones\/atencion-diurna\/\" \/>\n<meta property=\"og:locale\" content=\"es_ES\" \/>\n<meta property=\"og:type\" content=\"article\" \/>\n<meta property=\"og:title\" content=\"Atenci\u00f3n diurna - Aspronis\" \/>\n<meta property=\"og:description\" content=\"[vc_row css_animation=\u00bb\u00bb row_type=\u00bbrow\u00bb use_row_as_full_screen_section=\u00bbno\u00bb type=\u00bbgrid\u00bb angled_section=\u00bbno\u00bb text_align=\u00bbleft\u00bb background_image_as_pattern=\u00bbwithout_pattern\u00bb z_index=\u00bb\u00bb][vc_column][vc_column_text el_class=\u00bbsection_title small sep_small\u00bb] Servicio Ocupacional de Inserci\u00f3n (SOI) [\/vc_column_text][vc_column_text]El SOI es el paso intermedio al mundo laboral: mediante actividades de ajuste personal y social y actividades prelaborales preparamos a las personas para adquirir y desarrollar h\u00e1bitos...\" \/>\n<meta property=\"og:url\" content=\"https:\/\/www.aspronis.com\/es\/serveis-a-les-persones\/atencion-diurna\/\" \/>\n<meta property=\"og:site_name\" content=\"Aspronis\" \/>\n<meta property=\"article:modified_time\" content=\"2022-12-08T15:16:06+00:00\" \/>\n<meta name=\"twitter:card\" content=\"summary_large_image\" \/>\n<meta name=\"twitter:label1\" content=\"Tiempo de lectura\" \/>\n\t<meta name=\"twitter:data1\" content=\"2 minutos\" \/>\n<script type=\"application\/ld+json\" class=\"yoast-schema-graph\">{\"@context\":\"https:\/\/schema.org\",\"@graph\":[{\"@type\":\"WebPage\",\"@id\":\"https:\/\/www.aspronis.com\/es\/serveis-a-les-persones\/atencion-diurna\/\",\"url\":\"https:\/\/www.aspronis.com\/es\/serveis-a-les-persones\/atencion-diurna\/\",\"name\":\"Atenci\u00f3n diurna - Aspronis\",\"isPartOf\":{\"@id\":\"https:\/\/www.aspronis.com\/es\/#website\"},\"datePublished\":\"2022-07-06T14:43:25+00:00\",\"dateModified\":\"2022-12-08T15:16:06+00:00\",\"breadcrumb\":{\"@id\":\"https:\/\/www.aspronis.com\/es\/serveis-a-les-persones\/atencion-diurna\/#breadcrumb\"},\"inLanguage\":\"es\",\"potentialAction\":[{\"@type\":\"ReadAction\",\"target\":[\"https:\/\/www.aspronis.com\/es\/serveis-a-les-persones\/atencion-diurna\/\"]}]},{\"@type\":\"BreadcrumbList\",\"@id\":\"https:\/\/www.aspronis.com\/es\/serveis-a-les-persones\/atencion-diurna\/#breadcrumb\",\"itemListElement\":[{\"@type\":\"ListItem\",\"position\":1,\"name\":\"Servicio a las personas\",\"item\":\"https:\/\/www.aspronis.com\/es\/serveis-a-les-persones\/\"},{\"@type\":\"ListItem\",\"position\":2,\"name\":\"Atenci\u00f3n diurna\"}]},{\"@type\":\"WebSite\",\"@id\":\"https:\/\/www.aspronis.com\/es\/#website\",\"url\":\"https:\/\/www.aspronis.com\/es\/\",\"name\":\"Aspronis\",\"description\":\"\",\"potentialAction\":[{\"@type\":\"SearchAction\",\"target\":{\"@type\":\"EntryPoint\",\"urlTemplate\":\"https:\/\/www.aspronis.com\/es\/?s={search_term_string}\"},\"query-input\":{\"@type\":\"PropertyValueSpecification\",\"valueRequired\":true,\"valueName\":\"search_term_string\"}}],\"inLanguage\":\"es\"}]}<\/script>\n<!-- \/ Yoast SEO plugin. -->","yoast_head_json":{"title":"Atenci\u00f3n diurna - Aspronis","robots":{"index":"index","follow":"follow","max-snippet":"max-snippet:-1","max-image-preview":"max-image-preview:large","max-video-preview":"max-video-preview:-1"},"canonical":"https:\/\/www.aspronis.com\/es\/serveis-a-les-persones\/atencion-diurna\/","og_locale":"es_ES","og_type":"article","og_title":"Atenci\u00f3n diurna - Aspronis","og_description":"[vc_row css_animation=\u00bb\u00bb row_type=\u00bbrow\u00bb use_row_as_full_screen_section=\u00bbno\u00bb type=\u00bbgrid\u00bb angled_section=\u00bbno\u00bb text_align=\u00bbleft\u00bb background_image_as_pattern=\u00bbwithout_pattern\u00bb z_index=\u00bb\u00bb][vc_column][vc_column_text el_class=\u00bbsection_title small sep_small\u00bb] Servicio Ocupacional de Inserci\u00f3n (SOI) [\/vc_column_text][vc_column_text]El SOI es el paso intermedio al mundo laboral: mediante actividades de ajuste personal y social y actividades prelaborales preparamos a las personas para adquirir y desarrollar h\u00e1bitos...","og_url":"https:\/\/www.aspronis.com\/es\/serveis-a-les-persones\/atencion-diurna\/","og_site_name":"Aspronis","article_modified_time":"2022-12-08T15:16:06+00:00","twitter_card":"summary_large_image","twitter_misc":{"Tiempo de lectura":"2 minutos"},"schema":{"@context":"https:\/\/schema.org","@graph":[{"@type":"WebPage","@id":"https:\/\/www.aspronis.com\/es\/serveis-a-les-persones\/atencion-diurna\/","url":"https:\/\/www.aspronis.com\/es\/serveis-a-les-persones\/atencion-diurna\/","name":"Atenci\u00f3n diurna - Aspronis","isPartOf":{"@id":"https:\/\/www.aspronis.com\/es\/#website"},"datePublished":"2022-07-06T14:43:25+00:00","dateModified":"2022-12-08T15:16:06+00:00","breadcrumb":{"@id":"https:\/\/www.aspronis.com\/es\/serveis-a-les-persones\/atencion-diurna\/#breadcrumb"},"inLanguage":"es","potentialAction":[{"@type":"ReadAction","target":["https:\/\/www.aspronis.com\/es\/serveis-a-les-persones\/atencion-diurna\/"]}]},{"@type":"BreadcrumbList","@id":"https:\/\/www.aspronis.com\/es\/serveis-a-les-persones\/atencion-diurna\/#breadcrumb","itemListElement":[{"@type":"ListItem","position":1,"name":"Servicio a las personas","item":"https:\/\/www.aspronis.com\/es\/serveis-a-les-persones\/"},{"@type":"ListItem","position":2,"name":"Atenci\u00f3n diurna"}]},{"@type":"WebSite","@id":"https:\/\/www.aspronis.com\/es\/#website","url":"https:\/\/www.aspronis.com\/es\/","name":"Aspronis","description":"","potentialAction":[{"@type":"SearchAction","target":{"@type":"EntryPoint","urlTemplate":"https:\/\/www.aspronis.com\/es\/?s={search_term_string}"},"query-input":{"@type":"PropertyValueSpecification","valueRequired":true,"valueName":"search_term_string"}}],"inLanguage":"es"}]}},"_links":{"self":[{"href":"https:\/\/www.aspronis.com\/es\/wp-json\/wp\/v2\/pages\/1486","targetHints":{"allow":["GET"]}}],"collection":[{"href":"https:\/\/www.aspronis.com\/es\/wp-json\/wp\/v2\/pages"}],"about":[{"href":"https:\/\/www.aspronis.com\/es\/wp-json\/wp\/v2\/types\/page"}],"author":[{"embeddable":true,"href":"https:\/\/www.aspronis.com\/es\/wp-json\/wp\/v2\/users\/1"}],"replies":[{"embeddable":true,"href":"https:\/\/www.aspronis.com\/es\/wp-json\/wp\/v2\/comments?post=1486"}],"version-history":[{"count":4,"href":"https:\/\/www.aspronis.com\/es\/wp-json\/wp\/v2\/pages\/1486\/revisions"}],"predecessor-version":[{"id":1928,"href":"https:\/\/www.aspronis.com\/es\/wp-json\/wp\/v2\/pages\/1486\/revisions\/1928"}],"up":[{"embeddable":true,"href":"https:\/\/www.aspronis.com\/es\/wp-json\/wp\/v2\/pages\/1484"}],"wp:attachment":[{"href":"https:\/\/www.aspronis.com\/es\/wp-json\/wp\/v2\/media?parent=1486"}],"curies":[{"name":"wp","href":"https:\/\/api.w.org\/{rel}","templated":true}]}}