{"id":2516,"date":"2024-04-12T14:45:21","date_gmt":"2024-04-12T12:45:21","guid":{"rendered":"https:\/\/www.aspronis.com\/?page_id=2516"},"modified":"2025-02-17T16:35:28","modified_gmt":"2025-02-17T15:35:28","slug":"lavanderia-industrial","status":"publish","type":"page","link":"https:\/\/www.aspronis.com\/es\/serveis-a-les-empreses\/lavanderia-industrial\/","title":{"rendered":"Lavander\u00eda industrial"},"content":{"rendered":"<div class=\"wpb-content-wrapper\"><p>[vc_row css_animation=\u00bb\u00bb row_type=\u00bbrow\u00bb use_row_as_full_screen_section=\u00bbno\u00bb type=\u00bbgrid\u00bb angled_section=\u00bbno\u00bb text_align=\u00bbleft\u00bb background_image_as_pattern=\u00bbwithout_pattern\u00bb z_index=\u00bb\u00bb][vc_column][vc_column_text el_class=\u00bbsection_title small sep_small\u00bb]<\/p>\n<h2>Lavander\u00eda industrial<\/h2>\n<p>[\/vc_column_text][vc_column_text]<\/p>\n<div class=\"gdlr-item gdlr-content-item\">\n<div class=\"justificar\">\n<p>Ofrecemos <strong>servicios integrales de lavander\u00eda<\/strong> dirigidos a peque\u00f1as y medianas empresas, turismo rural, establecimientos hoteleros, as\u00ed como a la hosteler\u00eda de nuestra \u00e1rea de actuaci\u00f3n, con la garant\u00eda de un riguroso control de calidad de los procesos.<\/p>\n<p>El servicio cuenta con una <strong>instalaci\u00f3n industrial<\/strong> con lavadoras, secadoras y calandra, as\u00ed como un equipo humano profesional de lavado y planchado.<\/p>\n<p><strong>Nos ocupamos del lavado de:<\/strong><\/p>\n<ul>\n<li>Ropa de cama: s\u00e1banas, mantas, colchas, edredones.<\/li>\n<li>Toallas, albornoces.<\/li>\n<li>Manteles, servilletas.<\/li>\n<li>Limpieza industrial de ropa de empresa<\/li>\n<li>Uniformes<\/li>\n<\/ul>\n<p><strong>I tambi\u00e9n contamos con servicios de:<\/strong><\/p>\n<ul>\n<li>Planchado mec\u00e1nico y manual<\/li>\n<li>Transporte propio con recogida<\/li>\n<li>Entrega personalizada seg\u00fan las necesidades de cada cliente.<\/li>\n<\/ul>\n<p>Disponemos de la maquinaria necesaria para el tratamiento de la ropa en funci\u00f3n de la suciedad, preservando la calidad de los tejidos para alargar la vida al m\u00e1ximo y con la garant\u00eda de un riguroso control de calidad de los procesos.<\/p>\n<p>Para ello, utilizamos productos con el m\u00ednimo impacto ambiental sin que eso comprometa la higienizaci\u00f3n de la ropa y un resultado impecable.<\/p>\n<\/div>\n<\/div>\n<p>[\/vc_column_text][vc_separator type=\u00bbtransparent\u00bb up=\u00bb30&#8243;]<div class=\"qode-advanced-image-gallery  qode-aig-grid-type qode-medium-space   \">\n\t<div class=\"qode-aig-inner qode-outer-space qode-aig-grid qode-aig-two-columns\">\n\t\t\t\t\t<div class=\"qode-aig-image qode-item-space\">\n\t\t\t\t<div class=\"qode-aig-image-inner\">\n\t\t\t\t\t\t\t\t\t\t\t<img loading=\"lazy\" decoding=\"async\" width=\"600\" height=\"400\" src=\"https:\/\/www.aspronis.com\/wp-content\/uploads\/2024\/04\/Bugaderia_1_web.jpg\" class=\"attachment-full size-full\" alt=\"\" srcset=\"https:\/\/www.aspronis.com\/wp-content\/uploads\/2024\/04\/Bugaderia_1_web.jpg 600w, https:\/\/www.aspronis.com\/wp-content\/uploads\/2024\/04\/Bugaderia_1_web-300x200.jpg 300w\" sizes=\"auto, (max-width: 600px) 100vw, 600px\" \/>\t\t\t\t\t\t<span class=\"aig-gallery-hover\">\n\t\t\t\t\t\t\t\t\t\t\t\t\t<\/span>\n\t\t\t\t\t\t\t\t\t<\/div>\n\t\t\t<\/div>\n\t\t\t\t\t<div class=\"qode-aig-image qode-item-space\">\n\t\t\t\t<div class=\"qode-aig-image-inner\">\n\t\t\t\t\t\t\t\t\t\t\t<img loading=\"lazy\" decoding=\"async\" width=\"600\" height=\"400\" src=\"https:\/\/www.aspronis.com\/wp-content\/uploads\/2024\/04\/Bugaderia_2_web.jpg\" class=\"attachment-full size-full\" alt=\"\" srcset=\"https:\/\/www.aspronis.com\/wp-content\/uploads\/2024\/04\/Bugaderia_2_web.jpg 600w, https:\/\/www.aspronis.com\/wp-content\/uploads\/2024\/04\/Bugaderia_2_web-300x200.jpg 300w\" sizes=\"auto, (max-width: 600px) 100vw, 600px\" \/>\t\t\t\t\t\t<span class=\"aig-gallery-hover\">\n\t\t\t\t\t\t\t\t\t\t\t\t\t<\/span>\n\t\t\t\t\t\t\t\t\t<\/div>\n\t\t\t<\/div>\n\t\t\t<\/div>\n<\/div>[vc_column_text]<\/p>\n<div class=\"gdlr-item gdlr-content-item\">\n<div class=\"justificar\">\n<p><strong><em>Servicio de calidad con valor social<\/em><\/strong><\/p>\n<p>Nuestra lavander\u00eda es un medio de formaci\u00f3n e inserci\u00f3n para muchas personas con discapacidad intelectual o en riesgo de exclusi\u00f3n. Forma parte de nuestro Centro Especial de Empleo, un entorno profesional protegido con equipos de trabajo cualificados y consolidados donde las personas con discapacidad llevan a cabo trabajos adaptados con el apoyo psicosocial y t\u00e9cnico que puedan necesitar.<\/p>\n<p>&nbsp;<\/p>\n<\/div>\n<\/div>\n<p>[\/vc_column_text][vc_column_text css=\u00bb\u00bb]<\/p>\n<div class=\"gdlr-item gdlr-content-item\">\n<div class=\"justificar\">\n<p style=\"text-align: center;\"><strong>Contacta&#8217;ns<\/strong><\/p>\n<p style=\"text-align: center;\">Tel. 93 765 46 20 | 663 954 498\u00a0 \u00a0 Correu electr\u00f2nic: <a href=\"mailto:bugaderia@aspronis.com\">bugaderia@aspronis.com<\/a><\/p>\n<\/div>\n<p>&nbsp;<\/p>\n<\/div>\n<p>[\/vc_column_text][vc_column_text css=\u00bb\u00bb]<strong>Promueve y financia:\u00a0<\/strong><strong>la Generalitat de Catalunya &#8211; Departament d&#8217;Empresa i Treball<\/strong><\/p>\n<p><img loading=\"lazy\" decoding=\"async\" class=\"alignnone size-medium wp-image-3016\" src=\"https:\/\/www.aspronis.com\/wp-content\/uploads\/2024\/02\/Emprersa-i-treball-4-300x62.png\" alt=\"\" width=\"300\" height=\"62\" srcset=\"https:\/\/www.aspronis.com\/wp-content\/uploads\/2024\/02\/Emprersa-i-treball-4-300x62.png 300w, https:\/\/www.aspronis.com\/wp-content\/uploads\/2024\/02\/Emprersa-i-treball-4.png 381w\" sizes=\"auto, (max-width: 300px) 100vw, 300px\" \/><img loading=\"lazy\" decoding=\"async\" class=\"alignnone wp-image-3014 \" src=\"https:\/\/www.aspronis.com\/wp-content\/uploads\/2024\/02\/Logo-Economia-Social-hrt-2-e1736788749611-300x82.png\" alt=\"\" width=\"234\" height=\"62\" \/>[\/vc_column_text][\/vc_column][\/vc_row][vc_row css_animation=\u00bb\u00bb row_type=\u00bbrow\u00bb use_row_as_full_screen_section=\u00bbno\u00bb type=\u00bbfull_width\u00bb angled_section=\u00bbno\u00bb text_align=\u00bbleft\u00bb background_image_as_pattern=\u00bbwithout_pattern\u00bb el_class=\u00bbnewsletter_section_wrapper\u00bb z_index=\u00bb\u00bb][vc_column][vc_widget_sidebar sidebar_id=\u00bbnewsletter\u00bb][\/vc_column][\/vc_row]<\/p>\n<\/div>","protected":false},"excerpt":{"rendered":"<p>[vc_row css_animation=\u00bb\u00bb row_type=\u00bbrow\u00bb use_row_as_full_screen_section=\u00bbno\u00bb type=\u00bbgrid\u00bb angled_section=\u00bbno\u00bb text_align=\u00bbleft\u00bb background_image_as_pattern=\u00bbwithout_pattern\u00bb z_index=\u00bb\u00bb][vc_column][vc_column_text el_class=\u00bbsection_title small sep_small\u00bb] Lavander\u00eda industrial [\/vc_column_text][vc_column_text] Ofrecemos servicios integrales de lavander\u00eda dirigidos a peque\u00f1as y medianas empresas, turismo rural, establecimientos hoteleros, as\u00ed como a la hosteler\u00eda de nuestra \u00e1rea de actuaci\u00f3n, con la garant\u00eda de un&#8230;<\/p>\n","protected":false},"author":4,"featured_media":0,"parent":1478,"menu_order":0,"comment_status":"closed","ping_status":"closed","template":"full_width.php","meta":{"footnotes":""},"class_list":["post-2516","page","type-page","status-publish","hentry"],"yoast_head":"<!-- This site is optimized with the Yoast SEO plugin v26.8 - https:\/\/yoast.com\/product\/yoast-seo-wordpress\/ -->\n<title>Lavander\u00eda industrial - Aspronis<\/title>\n<meta name=\"robots\" content=\"index, follow, max-snippet:-1, max-image-preview:large, max-video-preview:-1\" \/>\n<link rel=\"canonical\" href=\"https:\/\/www.aspronis.com\/es\/serveis-a-les-empreses\/lavanderia-industrial\/\" \/>\n<meta property=\"og:locale\" content=\"es_ES\" \/>\n<meta property=\"og:type\" content=\"article\" \/>\n<meta property=\"og:title\" content=\"Lavander\u00eda industrial - Aspronis\" \/>\n<meta property=\"og:description\" content=\"[vc_row css_animation=\u00bb\u00bb row_type=\u00bbrow\u00bb use_row_as_full_screen_section=\u00bbno\u00bb type=\u00bbgrid\u00bb angled_section=\u00bbno\u00bb text_align=\u00bbleft\u00bb background_image_as_pattern=\u00bbwithout_pattern\u00bb z_index=\u00bb\u00bb][vc_column][vc_column_text el_class=\u00bbsection_title small sep_small\u00bb] Lavander\u00eda industrial [\/vc_column_text][vc_column_text] Ofrecemos servicios integrales de lavander\u00eda dirigidos a peque\u00f1as y medianas empresas, turismo rural, establecimientos hoteleros, as\u00ed como a la hosteler\u00eda de nuestra \u00e1rea de actuaci\u00f3n, con la garant\u00eda de un...\" \/>\n<meta property=\"og:url\" content=\"https:\/\/www.aspronis.com\/es\/serveis-a-les-empreses\/lavanderia-industrial\/\" \/>\n<meta property=\"og:site_name\" content=\"Aspronis\" \/>\n<meta property=\"article:modified_time\" content=\"2025-02-17T15:35:28+00:00\" \/>\n<meta property=\"og:image\" content=\"https:\/\/www.aspronis.com\/wp-content\/uploads\/2024\/02\/Emprersa-i-treball-4-300x62.png\" \/>\n<meta name=\"twitter:card\" content=\"summary_large_image\" \/>\n<meta name=\"twitter:label1\" content=\"Tiempo de lectura\" \/>\n\t<meta name=\"twitter:data1\" content=\"3 minutos\" \/>\n<script type=\"application\/ld+json\" class=\"yoast-schema-graph\">{\"@context\":\"https:\/\/schema.org\",\"@graph\":[{\"@type\":\"WebPage\",\"@id\":\"https:\/\/www.aspronis.com\/es\/serveis-a-les-empreses\/lavanderia-industrial\/\",\"url\":\"https:\/\/www.aspronis.com\/es\/serveis-a-les-empreses\/lavanderia-industrial\/\",\"name\":\"Lavander\u00eda industrial - Aspronis\",\"isPartOf\":{\"@id\":\"https:\/\/www.aspronis.com\/es\/#website\"},\"primaryImageOfPage\":{\"@id\":\"https:\/\/www.aspronis.com\/es\/serveis-a-les-empreses\/lavanderia-industrial\/#primaryimage\"},\"image\":{\"@id\":\"https:\/\/www.aspronis.com\/es\/serveis-a-les-empreses\/lavanderia-industrial\/#primaryimage\"},\"thumbnailUrl\":\"https:\/\/www.aspronis.com\/wp-content\/uploads\/2024\/02\/Emprersa-i-treball-4-300x62.png\",\"datePublished\":\"2024-04-12T12:45:21+00:00\",\"dateModified\":\"2025-02-17T15:35:28+00:00\",\"breadcrumb\":{\"@id\":\"https:\/\/www.aspronis.com\/es\/serveis-a-les-empreses\/lavanderia-industrial\/#breadcrumb\"},\"inLanguage\":\"es\",\"potentialAction\":[{\"@type\":\"ReadAction\",\"target\":[\"https:\/\/www.aspronis.com\/es\/serveis-a-les-empreses\/lavanderia-industrial\/\"]}]},{\"@type\":\"ImageObject\",\"inLanguage\":\"es\",\"@id\":\"https:\/\/www.aspronis.com\/es\/serveis-a-les-empreses\/lavanderia-industrial\/#primaryimage\",\"url\":\"https:\/\/www.aspronis.com\/wp-content\/uploads\/2024\/02\/Emprersa-i-treball-4-300x62.png\",\"contentUrl\":\"https:\/\/www.aspronis.com\/wp-content\/uploads\/2024\/02\/Emprersa-i-treball-4-300x62.png\"},{\"@type\":\"BreadcrumbList\",\"@id\":\"https:\/\/www.aspronis.com\/es\/serveis-a-les-empreses\/lavanderia-industrial\/#breadcrumb\",\"itemListElement\":[{\"@type\":\"ListItem\",\"position\":1,\"name\":\"Servicios a las empresas\",\"item\":\"https:\/\/www.aspronis.com\/es\/serveis-a-les-empreses\/\"},{\"@type\":\"ListItem\",\"position\":2,\"name\":\"Lavander\u00eda industrial\"}]},{\"@type\":\"WebSite\",\"@id\":\"https:\/\/www.aspronis.com\/es\/#website\",\"url\":\"https:\/\/www.aspronis.com\/es\/\",\"name\":\"Aspronis\",\"description\":\"\",\"potentialAction\":[{\"@type\":\"SearchAction\",\"target\":{\"@type\":\"EntryPoint\",\"urlTemplate\":\"https:\/\/www.aspronis.com\/es\/?s={search_term_string}\"},\"query-input\":{\"@type\":\"PropertyValueSpecification\",\"valueRequired\":true,\"valueName\":\"search_term_string\"}}],\"inLanguage\":\"es\"}]}<\/script>\n<!-- \/ Yoast SEO plugin. -->","yoast_head_json":{"title":"Lavander\u00eda industrial - Aspronis","robots":{"index":"index","follow":"follow","max-snippet":"max-snippet:-1","max-image-preview":"max-image-preview:large","max-video-preview":"max-video-preview:-1"},"canonical":"https:\/\/www.aspronis.com\/es\/serveis-a-les-empreses\/lavanderia-industrial\/","og_locale":"es_ES","og_type":"article","og_title":"Lavander\u00eda industrial - Aspronis","og_description":"[vc_row css_animation=\u00bb\u00bb row_type=\u00bbrow\u00bb use_row_as_full_screen_section=\u00bbno\u00bb type=\u00bbgrid\u00bb angled_section=\u00bbno\u00bb text_align=\u00bbleft\u00bb background_image_as_pattern=\u00bbwithout_pattern\u00bb z_index=\u00bb\u00bb][vc_column][vc_column_text el_class=\u00bbsection_title small sep_small\u00bb] Lavander\u00eda industrial [\/vc_column_text][vc_column_text] Ofrecemos servicios integrales de lavander\u00eda dirigidos a peque\u00f1as y medianas empresas, turismo rural, establecimientos hoteleros, as\u00ed como a la hosteler\u00eda de nuestra \u00e1rea de actuaci\u00f3n, con la garant\u00eda de un...","og_url":"https:\/\/www.aspronis.com\/es\/serveis-a-les-empreses\/lavanderia-industrial\/","og_site_name":"Aspronis","article_modified_time":"2025-02-17T15:35:28+00:00","og_image":[{"url":"https:\/\/www.aspronis.com\/wp-content\/uploads\/2024\/02\/Emprersa-i-treball-4-300x62.png","type":"","width":"","height":""}],"twitter_card":"summary_large_image","twitter_misc":{"Tiempo de lectura":"3 minutos"},"schema":{"@context":"https:\/\/schema.org","@graph":[{"@type":"WebPage","@id":"https:\/\/www.aspronis.com\/es\/serveis-a-les-empreses\/lavanderia-industrial\/","url":"https:\/\/www.aspronis.com\/es\/serveis-a-les-empreses\/lavanderia-industrial\/","name":"Lavander\u00eda industrial - Aspronis","isPartOf":{"@id":"https:\/\/www.aspronis.com\/es\/#website"},"primaryImageOfPage":{"@id":"https:\/\/www.aspronis.com\/es\/serveis-a-les-empreses\/lavanderia-industrial\/#primaryimage"},"image":{"@id":"https:\/\/www.aspronis.com\/es\/serveis-a-les-empreses\/lavanderia-industrial\/#primaryimage"},"thumbnailUrl":"https:\/\/www.aspronis.com\/wp-content\/uploads\/2024\/02\/Emprersa-i-treball-4-300x62.png","datePublished":"2024-04-12T12:45:21+00:00","dateModified":"2025-02-17T15:35:28+00:00","breadcrumb":{"@id":"https:\/\/www.aspronis.com\/es\/serveis-a-les-empreses\/lavanderia-industrial\/#breadcrumb"},"inLanguage":"es","potentialAction":[{"@type":"ReadAction","target":["https:\/\/www.aspronis.com\/es\/serveis-a-les-empreses\/lavanderia-industrial\/"]}]},{"@type":"ImageObject","inLanguage":"es","@id":"https:\/\/www.aspronis.com\/es\/serveis-a-les-empreses\/lavanderia-industrial\/#primaryimage","url":"https:\/\/www.aspronis.com\/wp-content\/uploads\/2024\/02\/Emprersa-i-treball-4-300x62.png","contentUrl":"https:\/\/www.aspronis.com\/wp-content\/uploads\/2024\/02\/Emprersa-i-treball-4-300x62.png"},{"@type":"BreadcrumbList","@id":"https:\/\/www.aspronis.com\/es\/serveis-a-les-empreses\/lavanderia-industrial\/#breadcrumb","itemListElement":[{"@type":"ListItem","position":1,"name":"Servicios a las empresas","item":"https:\/\/www.aspronis.com\/es\/serveis-a-les-empreses\/"},{"@type":"ListItem","position":2,"name":"Lavander\u00eda industrial"}]},{"@type":"WebSite","@id":"https:\/\/www.aspronis.com\/es\/#website","url":"https:\/\/www.aspronis.com\/es\/","name":"Aspronis","description":"","potentialAction":[{"@type":"SearchAction","target":{"@type":"EntryPoint","urlTemplate":"https:\/\/www.aspronis.com\/es\/?s={search_term_string}"},"query-input":{"@type":"PropertyValueSpecification","valueRequired":true,"valueName":"search_term_string"}}],"inLanguage":"es"}]}},"_links":{"self":[{"href":"https:\/\/www.aspronis.com\/es\/wp-json\/wp\/v2\/pages\/2516","targetHints":{"allow":["GET"]}}],"collection":[{"href":"https:\/\/www.aspronis.com\/es\/wp-json\/wp\/v2\/pages"}],"about":[{"href":"https:\/\/www.aspronis.com\/es\/wp-json\/wp\/v2\/types\/page"}],"author":[{"embeddable":true,"href":"https:\/\/www.aspronis.com\/es\/wp-json\/wp\/v2\/users\/4"}],"replies":[{"embeddable":true,"href":"https:\/\/www.aspronis.com\/es\/wp-json\/wp\/v2\/comments?post=2516"}],"version-history":[{"count":12,"href":"https:\/\/www.aspronis.com\/es\/wp-json\/wp\/v2\/pages\/2516\/revisions"}],"predecessor-version":[{"id":3083,"href":"https:\/\/www.aspronis.com\/es\/wp-json\/wp\/v2\/pages\/2516\/revisions\/3083"}],"up":[{"embeddable":true,"href":"https:\/\/www.aspronis.com\/es\/wp-json\/wp\/v2\/pages\/1478"}],"wp:attachment":[{"href":"https:\/\/www.aspronis.com\/es\/wp-json\/wp\/v2\/media?parent=2516"}],"curies":[{"name":"wp","href":"https:\/\/api.w.org\/{rel}","templated":true}]}}